{"id":483,"date":"2023-01-09T13:45:50","date_gmt":"2023-01-09T12:45:50","guid":{"rendered":"https:\/\/maderas-holztechnik.de\/?page_id=483"},"modified":"2024-12-12T14:49:36","modified_gmt":"2024-12-12T13:49:36","slug":"nachhaltigkeit","status":"publish","type":"page","link":"https:\/\/maderas-holztechnik.de\/en\/ueber-uns\/nachhaltigkeit\/","title":{"rendered":"Sustainability"},"content":{"rendered":"<div data-elementor-type=\"wp-page\" data-elementor-id=\"483\" class=\"elementor elementor-483\" data-elementor-post-type=\"page\">\n\t\t\t\t\t\t<section class=\"elementor-section elementor-top-section elementor-element elementor-element-d13d6fc elementor-section-full_width mdrs_slider_abs elementor-section-height-default elementor-section-height-default\" data-id=\"d13d6fc\" data-element_type=\"section\" data-e-type=\"section\">\n\t\t\t\t\t\t<div class=\"elementor-container elementor-column-gap-no\">\n\t\t\t\t\t<div class=\"elementor-column elementor-col-100 elementor-top-column elementor-element elementor-element-1bb007d\" data-id=\"1bb007d\" data-element_type=\"column\" data-e-type=\"column\">\n\t\t\t<div class=\"elementor-widget-wrap elementor-element-populated\">\n\t\t\t\t\t\t<div class=\"elementor-element elementor-element-26ba9a6 elementor-widget__width-auto elementor-absolute elementor-hidden-mobile elementor-widget elementor-widget-image\" data-id=\"26ba9a6\" data-element_type=\"widget\" data-e-type=\"widget\" data-settings=\"{&quot;_position&quot;:&quot;absolute&quot;}\" data-widget_type=\"image.default\">\n\t\t\t\t<div class=\"elementor-widget-container\">\n\t\t\t\t\t\t\t\t\t\t\t\t\t\t\t<img decoding=\"async\" width=\"200\" height=\"137\" src=\"https:\/\/maderas-holztechnik.de\/wp-content\/uploads\/2022\/11\/Favicon-hell.svg\" class=\"attachment-full size-full wp-image-196\" alt=\"\" \/>\t\t\t\t\t\t\t\t\t\t\t\t\t\t\t<\/div>\n\t\t\t\t<\/div>\n\t\t\t\t<div class=\"elementor-element elementor-element-1ba2e00 elementor-widget__width-auto elementor-absolute elementor-hidden-tablet elementor-hidden-mobile elementor-view-default elementor-widget elementor-widget-icon\" data-id=\"1ba2e00\" data-element_type=\"widget\" data-e-type=\"widget\" id=\"u_scroll\" data-settings=\"{&quot;_position&quot;:&quot;absolute&quot;}\" data-widget_type=\"icon.default\">\n\t\t\t\t<div class=\"elementor-widget-container\">\n\t\t\t\t\t\t\t<div class=\"elementor-icon-wrapper\">\n\t\t\t<a class=\"elementor-icon\" href=\"#u_scroll\">\n\t\t\t<i aria-hidden=\"true\" class=\"fas fa-arrow-down\"><\/i>\t\t\t<\/a>\n\t\t<\/div>\n\t\t\t\t\t\t<\/div>\n\t\t\t\t<\/div>\n\t\t\t\t\t<\/div>\n\t\t<\/div>\n\t\t\t\t\t<\/div>\n\t\t<\/section>\n\t\t\t\t<section class=\"elementor-section elementor-top-section elementor-element elementor-element-c2b6031 elementor-section-full_width mdrs-abschnitt1 elementor-section-height-default elementor-section-height-default\" data-id=\"c2b6031\" data-element_type=\"section\" data-e-type=\"section\">\n\t\t\t\t\t\t<div class=\"elementor-container elementor-column-gap-default\">\n\t\t\t\t\t<div class=\"elementor-column elementor-col-100 elementor-top-column elementor-element elementor-element-d3891ab\" data-id=\"d3891ab\" data-element_type=\"column\" data-e-type=\"column\">\n\t\t\t<div class=\"elementor-widget-wrap elementor-element-populated\">\n\t\t\t\t\t\t<div class=\"elementor-element elementor-element-b6f4a34 elementor-widget__width-initial elementor-widget elementor-widget-text-editor\" data-id=\"b6f4a34\" data-element_type=\"widget\" data-e-type=\"widget\" data-widget_type=\"text-editor.default\">\n\t\t\t\t<div class=\"elementor-widget-container\">\n\t\t\t\t\t\t\t\t\t<h5>Sustainability<\/h5><h1>In harmony with the environment <\/h1><p>Sustainability has many facets. It doesn\u2019t only involve active climate protection and caring for our environment, but also our operational processes and thinking outside the box to find sustainable solutions. As a wood technology company, we have always attached great importance to sustainability in order to preserve nature and the environment. This is highlighted, for example, by the fact that we are a certified ECOPROFIT company. <\/p>\t\t\t\t\t\t\t\t<\/div>\n\t\t\t\t<\/div>\n\t\t\t\t\t<\/div>\n\t\t<\/div>\n\t\t\t\t\t<\/div>\n\t\t<\/section>\n\t\t\t\t<section class=\"elementor-section elementor-top-section elementor-element elementor-element-84f1582 elementor-section-full_width mdrs-abschnitt2 elementor-section-height-default elementor-section-height-default\" data-id=\"84f1582\" data-element_type=\"section\" data-e-type=\"section\">\n\t\t\t\t\t\t<div class=\"elementor-container elementor-column-gap-default\">\n\t\t\t\t\t<div class=\"elementor-column elementor-col-50 elementor-top-column elementor-element elementor-element-7c3dc18\" data-id=\"7c3dc18\" data-element_type=\"column\" data-e-type=\"column\">\n\t\t\t<div class=\"elementor-widget-wrap elementor-element-populated\">\n\t\t\t\t\t\t<div class=\"elementor-element elementor-element-aca4f8a elementor-widget elementor-widget-image\" data-id=\"aca4f8a\" data-element_type=\"widget\" data-e-type=\"widget\" data-widget_type=\"image.default\">\n\t\t\t\t<div class=\"elementor-widget-container\">\n\t\t\t\t\t\t\t\t\t\t\t\t\t\t\t<img fetchpriority=\"high\" decoding=\"async\" width=\"1123\" height=\"748\" src=\"https:\/\/maderas-holztechnik.de\/wp-content\/uploads\/2023\/02\/DSCF9702.jpg\" class=\"attachment-full size-full wp-image-1185\" alt=\"\" srcset=\"https:\/\/maderas-holztechnik.de\/wp-content\/uploads\/2023\/02\/DSCF9702.jpg 1123w, https:\/\/maderas-holztechnik.de\/wp-content\/uploads\/2023\/02\/DSCF9702-300x200.jpg 300w, https:\/\/maderas-holztechnik.de\/wp-content\/uploads\/2023\/02\/DSCF9702-1024x682.jpg 1024w, https:\/\/maderas-holztechnik.de\/wp-content\/uploads\/2023\/02\/DSCF9702-768x512.jpg 768w, https:\/\/maderas-holztechnik.de\/wp-content\/uploads\/2023\/02\/DSCF9702-18x12.jpg 18w\" sizes=\"(max-width: 1123px) 100vw, 1123px\" \/>\t\t\t\t\t\t\t\t\t\t\t\t\t\t\t<\/div>\n\t\t\t\t<\/div>\n\t\t\t\t<div class=\"elementor-element elementor-element-53498d0 elementor-widget elementor-widget-image\" data-id=\"53498d0\" data-element_type=\"widget\" data-e-type=\"widget\" data-widget_type=\"image.default\">\n\t\t\t\t<div class=\"elementor-widget-container\">\n\t\t\t\t\t\t\t\t\t\t\t\t\t\t\t<img decoding=\"async\" width=\"1123\" height=\"748\" src=\"https:\/\/maderas-holztechnik.de\/wp-content\/uploads\/2023\/02\/DSCF8934.jpg\" class=\"attachment-full size-full wp-image-1077\" alt=\"\" srcset=\"https:\/\/maderas-holztechnik.de\/wp-content\/uploads\/2023\/02\/DSCF8934.jpg 1123w, https:\/\/maderas-holztechnik.de\/wp-content\/uploads\/2023\/02\/DSCF8934-300x200.jpg 300w, https:\/\/maderas-holztechnik.de\/wp-content\/uploads\/2023\/02\/DSCF8934-1024x682.jpg 1024w, https:\/\/maderas-holztechnik.de\/wp-content\/uploads\/2023\/02\/DSCF8934-768x512.jpg 768w, https:\/\/maderas-holztechnik.de\/wp-content\/uploads\/2023\/02\/DSCF8934-18x12.jpg 18w\" sizes=\"(max-width: 1123px) 100vw, 1123px\" \/>\t\t\t\t\t\t\t\t\t\t\t\t\t\t\t<\/div>\n\t\t\t\t<\/div>\n\t\t\t\t\t<\/div>\n\t\t<\/div>\n\t\t\t\t<div class=\"elementor-column elementor-col-50 elementor-top-column elementor-element elementor-element-33a4699\" data-id=\"33a4699\" data-element_type=\"column\" data-e-type=\"column\">\n\t\t\t<div class=\"elementor-widget-wrap elementor-element-populated\">\n\t\t\t\t\t\t<div class=\"elementor-element elementor-element-e1ca5f0 elementor-widget elementor-widget-text-editor\" data-id=\"e1ca5f0\" data-element_type=\"widget\" data-e-type=\"widget\" data-widget_type=\"text-editor.default\">\n\t\t\t\t<div class=\"elementor-widget-container\">\n\t\t\t\t\t\t\t\t\t<h3>Shaping sustainable success<\/h3><p>End customers often consciously consider sustainability when making purchasing decisions. When it comes to wooden furniture and other wooden items, they pay particular attention to labels indicating responsible forestry. For this reason, Maderas ensures that you as the client can choose from certified woods in order to meet your sustainability requirements.<\/p><h3>Environmentally friendly manufacturing<\/h3><p>In our environmental guidelines, we have undertaken to conserve resources. This includes, among other things, using energy- and material-saving technologies and production processes. We produce part of our electricity ourselves via our photovoltaic system. And with our wood offcuts, we can completely meet the heating requirements of all our production facilities.<\/p>\t\t\t\t\t\t\t\t<\/div>\n\t\t\t\t<\/div>\n\t\t\t\t<div class=\"elementor-element elementor-element-41fed92 elementor-widget elementor-widget-button\" data-id=\"41fed92\" data-element_type=\"widget\" data-e-type=\"widget\" data-widget_type=\"button.default\">\n\t\t\t\t<div class=\"elementor-widget-container\">\n\t\t\t\t\t\t\t\t\t<div class=\"elementor-button-wrapper\">\n\t\t\t\t\t<a class=\"elementor-button elementor-button-link elementor-size-sm\" href=\"https:\/\/maderas-holztechnik.de\/wp-content\/uploads\/2023\/01\/Umweltleitlinien-Maderas-Holztechnik-GmbH-deutsch.pdf\" target=\"_blank\">\n\t\t\t\t\t\t<span class=\"elementor-button-content-wrapper\">\n\t\t\t\t\t\t\t\t\t<span class=\"elementor-button-text\">Our environmental guidelines<\/span>\n\t\t\t\t\t<\/span>\n\t\t\t\t\t<\/a>\n\t\t\t\t<\/div>\n\t\t\t\t\t\t\t\t<\/div>\n\t\t\t\t<\/div>\n\t\t\t\t\t<\/div>\n\t\t<\/div>\n\t\t\t\t\t<\/div>\n\t\t<\/section>\n\t\t\t\t<section class=\"elementor-section elementor-top-section elementor-element elementor-element-bfc7828 elementor-section-full_width mdrs-abschnitt1 elementor-section-height-default elementor-section-height-default\" data-id=\"bfc7828\" data-element_type=\"section\" data-e-type=\"section\">\n\t\t\t\t\t\t<div class=\"elementor-container elementor-column-gap-default\">\n\t\t\t\t\t<div class=\"elementor-column elementor-col-100 elementor-top-column elementor-element elementor-element-f6754bf\" data-id=\"f6754bf\" data-element_type=\"column\" data-e-type=\"column\">\n\t\t\t<div class=\"elementor-widget-wrap elementor-element-populated\">\n\t\t\t\t\t\t<div class=\"elementor-element elementor-element-c5fecce elementor-widget__width-initial elementor-widget-tablet__width-inherit elementor-position-top elementor-widget elementor-widget-image-box\" data-id=\"c5fecce\" data-element_type=\"widget\" data-e-type=\"widget\" data-widget_type=\"image-box.default\">\n\t\t\t\t<div class=\"elementor-widget-container\">\n\t\t\t\t\t<div class=\"elementor-image-box-wrapper\"><figure class=\"elementor-image-box-img\"><img loading=\"lazy\" decoding=\"async\" width=\"1024\" height=\"1525\" src=\"https:\/\/maderas-holztechnik.de\/wp-content\/uploads\/2022\/11\/FSC_C127891_Promotional_with_text_Portrait_WhiteOnGreen_tm_gSBTTF.jpeg\" class=\"elementor-animation-hang attachment-full size-full wp-image-2257\" alt=\"\" srcset=\"https:\/\/maderas-holztechnik.de\/wp-content\/uploads\/2022\/11\/FSC_C127891_Promotional_with_text_Portrait_WhiteOnGreen_tm_gSBTTF.jpeg 1024w, https:\/\/maderas-holztechnik.de\/wp-content\/uploads\/2022\/11\/FSC_C127891_Promotional_with_text_Portrait_WhiteOnGreen_tm_gSBTTF-201x300.jpeg 201w, https:\/\/maderas-holztechnik.de\/wp-content\/uploads\/2022\/11\/FSC_C127891_Promotional_with_text_Portrait_WhiteOnGreen_tm_gSBTTF-688x1024.jpeg 688w, https:\/\/maderas-holztechnik.de\/wp-content\/uploads\/2022\/11\/FSC_C127891_Promotional_with_text_Portrait_WhiteOnGreen_tm_gSBTTF-768x1144.jpeg 768w, https:\/\/maderas-holztechnik.de\/wp-content\/uploads\/2022\/11\/FSC_C127891_Promotional_with_text_Portrait_WhiteOnGreen_tm_gSBTTF-8x12.jpeg 8w\" sizes=\"(max-width: 1024px) 100vw, 1024px\" \/><\/figure><div class=\"elementor-image-box-content\"><h3 class=\"elementor-image-box-title\">The global standard<br> Standard <\/h3><\/div><\/div>\t\t\t\t<\/div>\n\t\t\t\t<\/div>\n\t\t\t\t<div class=\"elementor-element elementor-element-9744466 elementor-widget__width-initial elementor-widget-tablet__width-inherit elementor-position-top elementor-widget elementor-widget-image-box\" data-id=\"9744466\" data-element_type=\"widget\" data-e-type=\"widget\" data-widget_type=\"image-box.default\">\n\t\t\t\t<div class=\"elementor-widget-container\">\n\t\t\t\t\t<div class=\"elementor-image-box-wrapper\"><figure class=\"elementor-image-box-img\"><a href=\"https:\/\/maderas-holztechnik.de\/en\/ueber-uns\/nachhaltigkeit\/pefc-guetesiegel\/\" tabindex=\"-1\"><img loading=\"lazy\" decoding=\"async\" width=\"227\" height=\"146\" src=\"https:\/\/maderas-holztechnik.de\/wp-content\/uploads\/2024\/02\/pefc-label-pefc04-31-1215-pefc-logo-mit-text-grun.svg\" class=\"elementor-animation-hang attachment-full size-full wp-image-2208\" alt=\"\" \/><\/a><\/figure><div class=\"elementor-image-box-content\"><h3 class=\"elementor-image-box-title\"><a href=\"https:\/\/maderas-holztechnik.de\/en\/ueber-uns\/nachhaltigkeit\/pefc-guetesiegel\/\">Sustainable<br> forestry<\/a><\/h3><p class=\"elementor-image-box-description\">Since 1999, the PEFC label has certified sustainably managed forests and wood processing companies. Maderas Holztechnik has held this certificate for many years. As a customer, you benefit from the chain of custody for the use of certified wood.<\/p><\/div><\/div>\t\t\t\t<\/div>\n\t\t\t\t<\/div>\n\t\t\t\t<div class=\"elementor-element elementor-element-ac6fba1 elementor-widget__width-initial elementor-widget-tablet__width-inherit elementor-position-top elementor-widget elementor-widget-image-box\" data-id=\"ac6fba1\" data-element_type=\"widget\" data-e-type=\"widget\" data-widget_type=\"image-box.default\">\n\t\t\t\t<div class=\"elementor-widget-container\">\n\t\t\t\t\t<div class=\"elementor-image-box-wrapper\"><figure class=\"elementor-image-box-img\"><a href=\"https:\/\/maderas-holztechnik.de\/en\/ueber-uns\/nachhaltigkeit\/oekoprofit\/\" tabindex=\"-1\"><img loading=\"lazy\" decoding=\"async\" width=\"483\" height=\"200\" src=\"https:\/\/maderas-holztechnik.de\/wp-content\/uploads\/2023\/01\/2119_ressortbild_847_200_oekoprofit.jpg\" class=\"elementor-animation-hang attachment-full size-full wp-image-477\" alt=\"\" srcset=\"https:\/\/maderas-holztechnik.de\/wp-content\/uploads\/2023\/01\/2119_ressortbild_847_200_oekoprofit.jpg 483w, https:\/\/maderas-holztechnik.de\/wp-content\/uploads\/2023\/01\/2119_ressortbild_847_200_oekoprofit-300x124.jpg 300w\" sizes=\"(max-width: 483px) 100vw, 483px\" \/><\/a><\/figure><div class=\"elementor-image-box-content\"><h3 class=\"elementor-image-box-title\"><a href=\"https:\/\/maderas-holztechnik.de\/en\/ueber-uns\/nachhaltigkeit\/oekoprofit\/\">Exemplifying environmental protection<br> vorleben<\/a><\/h3><p class=\"elementor-image-box-description\">At Maderas we have incorporated environmental protection into our operations. As a result, we have received an award from the ECOPROFIT project.<\/p><\/div><\/div>\t\t\t\t<\/div>\n\t\t\t\t<\/div>\n\t\t\t\t\t<\/div>\n\t\t<\/div>\n\t\t\t\t\t<\/div>\n\t\t<\/section>\n\t\t\t\t<section class=\"elementor-section elementor-top-section elementor-element elementor-element-2cd8536 elementor-section-full_width mdrs-abschnitt1 elementor-section-height-default elementor-section-height-default\" data-id=\"2cd8536\" data-element_type=\"section\" data-e-type=\"section\" data-settings=\"{&quot;background_background&quot;:&quot;classic&quot;}\">\n\t\t\t\t\t\t<div class=\"elementor-container elementor-column-gap-default\">\n\t\t\t\t\t<div class=\"elementor-column elementor-col-50 elementor-top-column elementor-element elementor-element-1e1b5de\" data-id=\"1e1b5de\" data-element_type=\"column\" data-e-type=\"column\">\n\t\t\t<div class=\"elementor-widget-wrap elementor-element-populated\">\n\t\t\t\t\t\t<div class=\"elementor-element elementor-element-0d7af67 elementor-widget elementor-widget-text-editor\" data-id=\"0d7af67\" data-element_type=\"widget\" data-e-type=\"widget\" data-widget_type=\"text-editor.default\">\n\t\t\t\t<div class=\"elementor-widget-container\">\n\t\t\t\t\t\t\t\t\t<h5>Forestry<\/h5><h2>The origin of sustainability <\/h2><p>The term sustainability originally comes from forestry. Around 1700, the nobleman Hans Carl von Carlowitz called for the \u201csustainable use\u201d of fuel. He stipulated that everyone should only be allowed to cut as much wood as could grow back in the forest through reforestation. His plan to secure wood supply for the long term is still considered groundbreaking today.<\/p><p>Sustainability is more important than ever. We need to use resources carefully so that we do not live at the expense of the environment and future generations. Forests continue to be one of the focal points of sustainability. They serve as a lifeline for plants, animals, and people. The forest regulates the climate and also offers us humans a haven for recreation. Forest management that is good for the economy as well as environmentally friendly and socially responsible thus makes an important contribution to sustainability. It strikes the right balance between the demand for wood and the sustainable future of forests. <\/p>\t\t\t\t\t\t\t\t<\/div>\n\t\t\t\t<\/div>\n\t\t\t\t\t<\/div>\n\t\t<\/div>\n\t\t\t\t<div class=\"elementor-column elementor-col-50 elementor-top-column elementor-element elementor-element-0ddea13\" data-id=\"0ddea13\" data-element_type=\"column\" data-e-type=\"column\">\n\t\t\t<div class=\"elementor-widget-wrap elementor-element-populated\">\n\t\t\t\t\t\t<div class=\"elementor-element elementor-element-ffaeb52 elementor-widget elementor-widget-image\" data-id=\"ffaeb52\" data-element_type=\"widget\" data-e-type=\"widget\" data-widget_type=\"image.default\">\n\t\t\t\t<div class=\"elementor-widget-container\">\n\t\t\t\t\t\t\t\t\t\t\t\t\t\t\t<img decoding=\"async\" width=\"200\" height=\"137\" src=\"https:\/\/maderas-holztechnik.de\/wp-content\/uploads\/2022\/11\/Favicon-hell.svg\" class=\"attachment-full size-full wp-image-196\" alt=\"\" \/>\t\t\t\t\t\t\t\t\t\t\t\t\t\t\t<\/div>\n\t\t\t\t<\/div>\n\t\t\t\t\t<\/div>\n\t\t<\/div>\n\t\t\t\t\t<\/div>\n\t\t<\/section>\n\t\t\t\t<section class=\"elementor-section elementor-top-section elementor-element elementor-element-4f5c3ff elementor-section-full_width mdrs-abschnitt2 elementor-section-height-default elementor-section-height-default\" data-id=\"4f5c3ff\" data-element_type=\"section\" data-e-type=\"section\">\n\t\t\t\t\t\t<div class=\"elementor-container elementor-column-gap-default\">\n\t\t\t\t\t<div class=\"elementor-column elementor-col-50 elementor-top-column elementor-element elementor-element-28b62cf\" data-id=\"28b62cf\" data-element_type=\"column\" data-e-type=\"column\">\n\t\t\t<div class=\"elementor-widget-wrap elementor-element-populated\">\n\t\t\t\t\t\t<div class=\"elementor-element elementor-element-a13f0f0 elementor-widget elementor-widget-text-editor\" data-id=\"a13f0f0\" data-element_type=\"widget\" data-e-type=\"widget\" data-widget_type=\"text-editor.default\">\n\t\t\t\t<div class=\"elementor-widget-container\">\n\t\t\t\t\t\t\t\t\t<h5>Storks and swallows<\/h5><h3><b>Up on high\u00a0<\/b><\/h3><p>They overwinter in Africa. But in the spring, they migrate to us in H\u00f6xter. Every year at Maderas Holztechnik we look forward to the arrival of our feathered guests.<br \/><strong>Learn more about \u201cour\u201d stork Ovo and his partner Antje here.<\/strong><\/p>\t\t\t\t\t\t\t\t<\/div>\n\t\t\t\t<\/div>\n\t\t\t\t<div class=\"elementor-element elementor-element-7f5ecfe elementor-align-right elementor-widget elementor-widget-button\" data-id=\"7f5ecfe\" data-element_type=\"widget\" data-e-type=\"widget\" data-widget_type=\"button.default\">\n\t\t\t\t<div class=\"elementor-widget-container\">\n\t\t\t\t\t\t\t\t\t<div class=\"elementor-button-wrapper\">\n\t\t\t\t\t<a class=\"elementor-button elementor-button-link elementor-size-sm\" href=\"https:\/\/maderas-holztechnik.de\/en\/ueber-uns\/nachhaltigkeit\/stoerche-und-schwalben\/\" target=\"_blank\">\n\t\t\t\t\t\t<span class=\"elementor-button-content-wrapper\">\n\t\t\t\t\t\t\t\t\t<span class=\"elementor-button-text\">more about ovo and antje<\/span>\n\t\t\t\t\t<\/span>\n\t\t\t\t\t<\/a>\n\t\t\t\t<\/div>\n\t\t\t\t\t\t\t\t<\/div>\n\t\t\t\t<\/div>\n\t\t\t\t\t<\/div>\n\t\t<\/div>\n\t\t\t\t<div class=\"elementor-column elementor-col-50 elementor-top-column elementor-element elementor-element-e5d0bb0\" data-id=\"e5d0bb0\" data-element_type=\"column\" data-e-type=\"column\">\n\t\t\t<div class=\"elementor-widget-wrap elementor-element-populated\">\n\t\t\t\t\t\t<div class=\"elementor-element elementor-element-5f2db9e elementor-widget elementor-widget-image\" data-id=\"5f2db9e\" data-element_type=\"widget\" data-e-type=\"widget\" data-widget_type=\"image.default\">\n\t\t\t\t<div class=\"elementor-widget-container\">\n\t\t\t\t\t\t\t\t\t\t\t\t\t\t\t<img loading=\"lazy\" decoding=\"async\" width=\"800\" height=\"533\" src=\"https:\/\/maderas-holztechnik.de\/wp-content\/uploads\/2023\/01\/DSC_0478-800px.jpg\" class=\"attachment-full size-full wp-image-572\" alt=\"\" srcset=\"https:\/\/maderas-holztechnik.de\/wp-content\/uploads\/2023\/01\/DSC_0478-800px.jpg 800w, https:\/\/maderas-holztechnik.de\/wp-content\/uploads\/2023\/01\/DSC_0478-800px-300x200.jpg 300w, https:\/\/maderas-holztechnik.de\/wp-content\/uploads\/2023\/01\/DSC_0478-800px-768x512.jpg 768w\" sizes=\"(max-width: 800px) 100vw, 800px\" \/>\t\t\t\t\t\t\t\t\t\t\t\t\t\t\t<\/div>\n\t\t\t\t<\/div>\n\t\t\t\t<div class=\"elementor-element elementor-element-0b750b6 elementor-widget elementor-widget-image\" data-id=\"0b750b6\" data-element_type=\"widget\" data-e-type=\"widget\" data-widget_type=\"image.default\">\n\t\t\t\t<div class=\"elementor-widget-container\">\n\t\t\t\t\t\t\t\t\t\t\t\t\t\t\t<img loading=\"lazy\" decoding=\"async\" width=\"800\" height=\"533\" src=\"https:\/\/maderas-holztechnik.de\/wp-content\/uploads\/2023\/01\/DSC_0515-800px.jpg\" class=\"attachment-full size-full wp-image-573\" alt=\"\" srcset=\"https:\/\/maderas-holztechnik.de\/wp-content\/uploads\/2023\/01\/DSC_0515-800px.jpg 800w, https:\/\/maderas-holztechnik.de\/wp-content\/uploads\/2023\/01\/DSC_0515-800px-300x200.jpg 300w, https:\/\/maderas-holztechnik.de\/wp-content\/uploads\/2023\/01\/DSC_0515-800px-768x512.jpg 768w\" sizes=\"(max-width: 800px) 100vw, 800px\" \/>\t\t\t\t\t\t\t\t\t\t\t\t\t\t\t<\/div>\n\t\t\t\t<\/div>\n\t\t\t\t\t<\/div>\n\t\t<\/div>\n\t\t\t\t\t<\/div>\n\t\t<\/section>\n\t\t\t\t<\/div>","protected":false},"excerpt":{"rendered":"<p>Nachhaltigkeit Im Einklang mit der Umwelt Nachhaltigkeit hat viele Facetten. Aktiver Klimaschutz und ein sorgsamer Umgang mit unserer Umwelt z\u00e4hlen ebenso dazu wie betriebliche Prozesse und ein Blick \u00fcber den eigenen Kirchturm hinaus. Als Unternehmen der Holztechnik legen wir seit jeher gro\u00dfen Wert auf einen nachhaltigen Umgang mit Natur und Umwelt. Das unterstreicht zum Beispiel [&hellip;]<\/p>\n","protected":false},"author":1,"featured_media":0,"parent":479,"menu_order":2,"comment_status":"closed","ping_status":"closed","template":"elementor_header_footer","meta":{"_acf_changed":false,"footnotes":""},"funktion":[18],"class_list":["post-483","page","type-page","status-publish","hentry","funktion-mit-slider"],"acf":[],"_links":{"self":[{"href":"https:\/\/maderas-holztechnik.de\/en\/wp-json\/wp\/v2\/pages\/483","targetHints":{"allow":["GET"]}}],"collection":[{"href":"https:\/\/maderas-holztechnik.de\/en\/wp-json\/wp\/v2\/pages"}],"about":[{"href":"https:\/\/maderas-holztechnik.de\/en\/wp-json\/wp\/v2\/types\/page"}],"author":[{"embeddable":true,"href":"https:\/\/maderas-holztechnik.de\/en\/wp-json\/wp\/v2\/users\/1"}],"replies":[{"embeddable":true,"href":"https:\/\/maderas-holztechnik.de\/en\/wp-json\/wp\/v2\/comments?post=483"}],"version-history":[{"count":21,"href":"https:\/\/maderas-holztechnik.de\/en\/wp-json\/wp\/v2\/pages\/483\/revisions"}],"predecessor-version":[{"id":2317,"href":"https:\/\/maderas-holztechnik.de\/en\/wp-json\/wp\/v2\/pages\/483\/revisions\/2317"}],"up":[{"embeddable":true,"href":"https:\/\/maderas-holztechnik.de\/en\/wp-json\/wp\/v2\/pages\/479"}],"wp:attachment":[{"href":"https:\/\/maderas-holztechnik.de\/en\/wp-json\/wp\/v2\/media?parent=483"}],"wp:term":[{"taxonomy":"funktion","embeddable":true,"href":"https:\/\/maderas-holztechnik.de\/en\/wp-json\/wp\/v2\/funktion?post=483"}],"curies":[{"name":"wp","href":"https:\/\/api.w.org\/{rel}","templated":true}]}}