{"id":495,"date":"2023-01-09T13:53:37","date_gmt":"2023-01-09T12:53:37","guid":{"rendered":"https:\/\/maderas-holztechnik.de\/?page_id=495"},"modified":"2023-03-28T09:37:39","modified_gmt":"2023-03-28T07:37:39","slug":"stoerche-und-schwalben","status":"publish","type":"page","link":"https:\/\/maderas-holztechnik.de\/en\/ueber-uns\/nachhaltigkeit\/stoerche-und-schwalben\/","title":{"rendered":"Storks and swallows"},"content":{"rendered":"<div class=\"wp-block-columns is-layout-flex wp-container-core-columns-is-layout-28f84493 wp-block-columns-is-layout-flex\">\n<div class=\"wp-block-column is-layout-flow wp-block-column-is-layout-flow\">\n<h2 class=\"wp-block-heading\">Up on high<\/h2>\n\n\n\n<p>They overwinter in Africa. But in the spring, they migrate to us in H\u00f6xter. Every year at Maderas Holztechnik we look forward to the arrival of our feathered guests.<\/p>\n\n\n\n<p>Since 2016, white storks have been regular visitors to the decommissioned chimney of our site in H\u00f6xter-Ovenhausen. That is why we deliberately decided against demolishing the chimney and installed a nesting aid instead.<\/p>\n\n\n\n<p><strong>Learn more about \u201cour\u201d stork Ovo and his partner Antje here.<\/strong> <\/p>\n\n\n\n<div style=\"height:100px\" aria-hidden=\"true\" class=\"wp-block-spacer\"><\/div>\n<\/div>\n\n\n\n<div class=\"wp-block-column is-layout-flow wp-block-column-is-layout-flow\">\n<figure class=\"wp-block-image size-full is-resized\"><img fetchpriority=\"high\" decoding=\"async\" src=\"https:\/\/maderas-holztechnik.de\/wp-content\/uploads\/2023\/02\/Storch-Vektor_gruen.svg\" alt=\"\" class=\"wp-image-1258\" width=\"486\" height=\"390\"\/><\/figure>\n<\/div>\n<\/div>\n\n\n\n<div class=\"wp-block-columns is-layout-flex wp-container-core-columns-is-layout-28f84493 wp-block-columns-is-layout-flex\">\n<div class=\"wp-block-column is-layout-flow wp-block-column-is-layout-flow\">\n<figure class=\"wp-block-image alignright size-full is-resized\"><img decoding=\"async\" src=\"https:\/\/maderas-holztechnik.de\/wp-content\/uploads\/2023\/02\/schwalben_Gruen.svg\" alt=\"\" class=\"wp-image-1261\" width=\"398\" height=\"297\"\/><\/figure>\n<\/div>\n\n\n\n<div class=\"wp-block-column is-layout-flow wp-block-column-is-layout-flow\">\n<h3 class=\"has-text-align-right wp-block-heading\">Swallows <br>welcome<\/h3>\n\n\n\n<p class=\"has-text-align-right\">The barn swallows and house martins make a particularly elegant entrance. They nest in our hall in H\u00f6xter-Ovenhausen, where they diligently raise their offspring. And we are happy to offer the swallows room for their nests.<\/p>\n<\/div>\n<\/div>\n\n\n\n<div style=\"height:100px\" aria-hidden=\"true\" class=\"wp-block-spacer\"><\/div>\n\n\n\n<h3 class=\"has-text-align-center wp-block-heading\">Impressions: A new home is created for our storks<\/h3>\n\n\n\n<p class=\"has-text-align-center\">In May 2022, a tornado swept across our facility in Ovenhausen. It also damaged the decommissioned chimney, where the storks Ovo and Antje had been nesting for several years. Together with the Friends of Pit Storks and other nature-loving Ovenhausen residents, we considered how we could create a new home for the storks.<\/p>\n\n\n\n<p class=\"has-text-align-center\"><br>We decided on a nesting aid in close proximity to the old location \u2013 a technically and structurally challenging solution. After all, we had to consider anchoring it in the concrete floor of the hall and creating a passage through the flat roof with a solid attachment of the supporting substructure. Thanks to many helping hands, the process moved quickly. In January 2023, the time had come. The prepared larch trunk from the forests around Ovenhausen could be erected with a naturally designed nesting aid. At a height of 16.50 meters, the new nest now stands tall, waiting for the arrival of the Ovenhausen storks.<\/p>\n\n\n\n<div style=\"height:40px\" aria-hidden=\"true\" class=\"wp-block-spacer\"><\/div>\n\n\n\n<figure class=\"wp-block-gallery has-nested-images columns-5 is-cropped wp-block-gallery-1 is-layout-flex wp-block-gallery-is-layout-flex\">\n<figure class=\"wp-block-image size-large\"><a href=\"https:\/\/maderas-holztechnik.de\/wp-content\/uploads\/2023\/02\/DSC_1713-min-scaled.jpeg\"><img decoding=\"async\" width=\"1024\" height=\"683\" data-id=\"1223\" src=\"https:\/\/maderas-holztechnik.de\/wp-content\/uploads\/2023\/02\/DSC_1713-min-1024x683.jpeg\" alt=\"\" class=\"wp-image-1223\" srcset=\"https:\/\/maderas-holztechnik.de\/wp-content\/uploads\/2023\/02\/DSC_1713-min-1024x683.jpeg 1024w, https:\/\/maderas-holztechnik.de\/wp-content\/uploads\/2023\/02\/DSC_1713-min-300x200.jpeg 300w, https:\/\/maderas-holztechnik.de\/wp-content\/uploads\/2023\/02\/DSC_1713-min-768x512.jpeg 768w, https:\/\/maderas-holztechnik.de\/wp-content\/uploads\/2023\/02\/DSC_1713-min-1536x1024.jpeg 1536w, https:\/\/maderas-holztechnik.de\/wp-content\/uploads\/2023\/02\/DSC_1713-min-2048x1365.jpeg 2048w, https:\/\/maderas-holztechnik.de\/wp-content\/uploads\/2023\/02\/DSC_1713-min-18x12.jpeg 18w\" sizes=\"(max-width: 1024px) 100vw, 1024px\" \/><\/a><\/figure>\n\n\n\n<figure class=\"wp-block-image size-large\"><a href=\"https:\/\/maderas-holztechnik.de\/wp-content\/uploads\/2023\/02\/DSC_1758-min-scaled.jpeg\"><img loading=\"lazy\" decoding=\"async\" width=\"1024\" height=\"683\" data-id=\"1230\" src=\"https:\/\/maderas-holztechnik.de\/wp-content\/uploads\/2023\/02\/DSC_1758-min-1024x683.jpeg\" alt=\"\" class=\"wp-image-1230\" srcset=\"https:\/\/maderas-holztechnik.de\/wp-content\/uploads\/2023\/02\/DSC_1758-min-1024x683.jpeg 1024w, https:\/\/maderas-holztechnik.de\/wp-content\/uploads\/2023\/02\/DSC_1758-min-300x200.jpeg 300w, https:\/\/maderas-holztechnik.de\/wp-content\/uploads\/2023\/02\/DSC_1758-min-768x512.jpeg 768w, https:\/\/maderas-holztechnik.de\/wp-content\/uploads\/2023\/02\/DSC_1758-min-1536x1024.jpeg 1536w, https:\/\/maderas-holztechnik.de\/wp-content\/uploads\/2023\/02\/DSC_1758-min-2048x1365.jpeg 2048w, https:\/\/maderas-holztechnik.de\/wp-content\/uploads\/2023\/02\/DSC_1758-min-18x12.jpeg 18w\" sizes=\"(max-width: 1024px) 100vw, 1024px\" \/><\/a><\/figure>\n\n\n\n<figure class=\"wp-block-image size-large\"><a href=\"https:\/\/maderas-holztechnik.de\/wp-content\/uploads\/2023\/02\/DSC_6898-min-scaled.jpeg\"><img loading=\"lazy\" decoding=\"async\" width=\"1024\" height=\"683\" data-id=\"1220\" src=\"https:\/\/maderas-holztechnik.de\/wp-content\/uploads\/2023\/02\/DSC_6898-min-1024x683.jpeg\" alt=\"\" class=\"wp-image-1220\" srcset=\"https:\/\/maderas-holztechnik.de\/wp-content\/uploads\/2023\/02\/DSC_6898-min-1024x683.jpeg 1024w, https:\/\/maderas-holztechnik.de\/wp-content\/uploads\/2023\/02\/DSC_6898-min-300x200.jpeg 300w, https:\/\/maderas-holztechnik.de\/wp-content\/uploads\/2023\/02\/DSC_6898-min-768x512.jpeg 768w, https:\/\/maderas-holztechnik.de\/wp-content\/uploads\/2023\/02\/DSC_6898-min-1536x1024.jpeg 1536w, https:\/\/maderas-holztechnik.de\/wp-content\/uploads\/2023\/02\/DSC_6898-min-2048x1365.jpeg 2048w, https:\/\/maderas-holztechnik.de\/wp-content\/uploads\/2023\/02\/DSC_6898-min-18x12.jpeg 18w\" sizes=\"(max-width: 1024px) 100vw, 1024px\" \/><\/a><\/figure>\n\n\n\n<figure class=\"wp-block-image size-large\"><a href=\"https:\/\/maderas-holztechnik.de\/wp-content\/uploads\/2023\/02\/DSC_6934-min-scaled.jpeg\"><img loading=\"lazy\" decoding=\"async\" width=\"1024\" height=\"683\" data-id=\"1231\" src=\"https:\/\/maderas-holztechnik.de\/wp-content\/uploads\/2023\/02\/DSC_6934-min-1024x683.jpeg\" alt=\"\" class=\"wp-image-1231\" srcset=\"https:\/\/maderas-holztechnik.de\/wp-content\/uploads\/2023\/02\/DSC_6934-min-1024x683.jpeg 1024w, https:\/\/maderas-holztechnik.de\/wp-content\/uploads\/2023\/02\/DSC_6934-min-300x200.jpeg 300w, https:\/\/maderas-holztechnik.de\/wp-content\/uploads\/2023\/02\/DSC_6934-min-768x512.jpeg 768w, https:\/\/maderas-holztechnik.de\/wp-content\/uploads\/2023\/02\/DSC_6934-min-1536x1024.jpeg 1536w, https:\/\/maderas-holztechnik.de\/wp-content\/uploads\/2023\/02\/DSC_6934-min-2048x1365.jpeg 2048w, https:\/\/maderas-holztechnik.de\/wp-content\/uploads\/2023\/02\/DSC_6934-min-18x12.jpeg 18w\" sizes=\"(max-width: 1024px) 100vw, 1024px\" \/><\/a><\/figure>\n\n\n\n<figure class=\"wp-block-image size-large\"><a href=\"https:\/\/maderas-holztechnik.de\/wp-content\/uploads\/2023\/02\/IMG_5512-min-scaled.jpg\"><img loading=\"lazy\" decoding=\"async\" width=\"1024\" height=\"768\" data-id=\"1226\" src=\"https:\/\/maderas-holztechnik.de\/wp-content\/uploads\/2023\/02\/IMG_5512-min-1024x768.jpg\" alt=\"\" class=\"wp-image-1226\" srcset=\"https:\/\/maderas-holztechnik.de\/wp-content\/uploads\/2023\/02\/IMG_5512-min-1024x768.jpg 1024w, https:\/\/maderas-holztechnik.de\/wp-content\/uploads\/2023\/02\/IMG_5512-min-300x225.jpg 300w, https:\/\/maderas-holztechnik.de\/wp-content\/uploads\/2023\/02\/IMG_5512-min-768x576.jpg 768w, https:\/\/maderas-holztechnik.de\/wp-content\/uploads\/2023\/02\/IMG_5512-min-1536x1152.jpg 1536w, https:\/\/maderas-holztechnik.de\/wp-content\/uploads\/2023\/02\/IMG_5512-min-2048x1536.jpg 2048w, https:\/\/maderas-holztechnik.de\/wp-content\/uploads\/2023\/02\/IMG_5512-min-16x12.jpg 16w\" sizes=\"(max-width: 1024px) 100vw, 1024px\" \/><\/a><\/figure>\n\n\n\n<figure class=\"wp-block-image size-large\"><a href=\"https:\/\/maderas-holztechnik.de\/wp-content\/uploads\/2023\/02\/IMG_5530-min-scaled.jpg\"><img loading=\"lazy\" decoding=\"async\" width=\"1024\" height=\"768\" data-id=\"1240\" src=\"https:\/\/maderas-holztechnik.de\/wp-content\/uploads\/2023\/02\/IMG_5530-min-1024x768.jpg\" alt=\"\" class=\"wp-image-1240\" srcset=\"https:\/\/maderas-holztechnik.de\/wp-content\/uploads\/2023\/02\/IMG_5530-min-1024x768.jpg 1024w, https:\/\/maderas-holztechnik.de\/wp-content\/uploads\/2023\/02\/IMG_5530-min-300x225.jpg 300w, https:\/\/maderas-holztechnik.de\/wp-content\/uploads\/2023\/02\/IMG_5530-min-768x576.jpg 768w, https:\/\/maderas-holztechnik.de\/wp-content\/uploads\/2023\/02\/IMG_5530-min-1536x1152.jpg 1536w, https:\/\/maderas-holztechnik.de\/wp-content\/uploads\/2023\/02\/IMG_5530-min-2048x1536.jpg 2048w, https:\/\/maderas-holztechnik.de\/wp-content\/uploads\/2023\/02\/IMG_5530-min-16x12.jpg 16w\" sizes=\"(max-width: 1024px) 100vw, 1024px\" \/><\/a><\/figure>\n\n\n\n<figure class=\"wp-block-image size-large\"><a href=\"https:\/\/maderas-holztechnik.de\/wp-content\/uploads\/2023\/02\/IMG_5723-min.jpg\"><img loading=\"lazy\" decoding=\"async\" width=\"1024\" height=\"768\" data-id=\"1228\" src=\"https:\/\/maderas-holztechnik.de\/wp-content\/uploads\/2023\/02\/IMG_5723-min-1024x768.jpg\" alt=\"\" class=\"wp-image-1228\" srcset=\"https:\/\/maderas-holztechnik.de\/wp-content\/uploads\/2023\/02\/IMG_5723-min-1024x768.jpg 1024w, https:\/\/maderas-holztechnik.de\/wp-content\/uploads\/2023\/02\/IMG_5723-min-300x225.jpg 300w, https:\/\/maderas-holztechnik.de\/wp-content\/uploads\/2023\/02\/IMG_5723-min-768x576.jpg 768w, https:\/\/maderas-holztechnik.de\/wp-content\/uploads\/2023\/02\/IMG_5723-min-1536x1152.jpg 1536w, https:\/\/maderas-holztechnik.de\/wp-content\/uploads\/2023\/02\/IMG_5723-min-16x12.jpg 16w, https:\/\/maderas-holztechnik.de\/wp-content\/uploads\/2023\/02\/IMG_5723-min.jpg 2016w\" sizes=\"(max-width: 1024px) 100vw, 1024px\" \/><\/a><\/figure>\n\n\n\n<figure class=\"wp-block-image size-large\"><a href=\"https:\/\/maderas-holztechnik.de\/wp-content\/uploads\/2023\/02\/IMG_5728-min.jpg\"><img loading=\"lazy\" decoding=\"async\" width=\"1024\" height=\"768\" data-id=\"1227\" src=\"https:\/\/maderas-holztechnik.de\/wp-content\/uploads\/2023\/02\/IMG_5728-min-1024x768.jpg\" alt=\"\" class=\"wp-image-1227\" srcset=\"https:\/\/maderas-holztechnik.de\/wp-content\/uploads\/2023\/02\/IMG_5728-min-1024x768.jpg 1024w, https:\/\/maderas-holztechnik.de\/wp-content\/uploads\/2023\/02\/IMG_5728-min-300x225.jpg 300w, https:\/\/maderas-holztechnik.de\/wp-content\/uploads\/2023\/02\/IMG_5728-min-768x576.jpg 768w, https:\/\/maderas-holztechnik.de\/wp-content\/uploads\/2023\/02\/IMG_5728-min-1536x1152.jpg 1536w, https:\/\/maderas-holztechnik.de\/wp-content\/uploads\/2023\/02\/IMG_5728-min-16x12.jpg 16w, https:\/\/maderas-holztechnik.de\/wp-content\/uploads\/2023\/02\/IMG_5728-min.jpg 2016w\" sizes=\"(max-width: 1024px) 100vw, 1024px\" \/><\/a><\/figure>\n\n\n\n<figure class=\"wp-block-image size-large\"><a href=\"https:\/\/maderas-holztechnik.de\/wp-content\/uploads\/2023\/02\/IMG_6238-min.jpeg\"><img loading=\"lazy\" decoding=\"async\" width=\"1024\" height=\"768\" data-id=\"1225\" src=\"https:\/\/maderas-holztechnik.de\/wp-content\/uploads\/2023\/02\/IMG_6238-min-1024x768.jpeg\" alt=\"\" class=\"wp-image-1225\" srcset=\"https:\/\/maderas-holztechnik.de\/wp-content\/uploads\/2023\/02\/IMG_6238-min-1024x768.jpeg 1024w, https:\/\/maderas-holztechnik.de\/wp-content\/uploads\/2023\/02\/IMG_6238-min-300x225.jpeg 300w, https:\/\/maderas-holztechnik.de\/wp-content\/uploads\/2023\/02\/IMG_6238-min-768x576.jpeg 768w, https:\/\/maderas-holztechnik.de\/wp-content\/uploads\/2023\/02\/IMG_6238-min-1536x1152.jpeg 1536w, https:\/\/maderas-holztechnik.de\/wp-content\/uploads\/2023\/02\/IMG_6238-min-16x12.jpeg 16w, https:\/\/maderas-holztechnik.de\/wp-content\/uploads\/2023\/02\/IMG_6238-min.jpeg 2016w\" sizes=\"(max-width: 1024px) 100vw, 1024px\" \/><\/a><\/figure>\n\n\n\n<figure class=\"wp-block-image size-large\"><a href=\"https:\/\/maderas-holztechnik.de\/wp-content\/uploads\/2023\/02\/IMG_6279-min.jpeg\"><img loading=\"lazy\" decoding=\"async\" width=\"1024\" height=\"768\" data-id=\"1238\" src=\"https:\/\/maderas-holztechnik.de\/wp-content\/uploads\/2023\/02\/IMG_6279-min-1024x768.jpeg\" alt=\"\" class=\"wp-image-1238\" srcset=\"https:\/\/maderas-holztechnik.de\/wp-content\/uploads\/2023\/02\/IMG_6279-min-1024x768.jpeg 1024w, https:\/\/maderas-holztechnik.de\/wp-content\/uploads\/2023\/02\/IMG_6279-min-300x225.jpeg 300w, https:\/\/maderas-holztechnik.de\/wp-content\/uploads\/2023\/02\/IMG_6279-min-768x576.jpeg 768w, https:\/\/maderas-holztechnik.de\/wp-content\/uploads\/2023\/02\/IMG_6279-min-1536x1152.jpeg 1536w, https:\/\/maderas-holztechnik.de\/wp-content\/uploads\/2023\/02\/IMG_6279-min-16x12.jpeg 16w, https:\/\/maderas-holztechnik.de\/wp-content\/uploads\/2023\/02\/IMG_6279-min.jpeg 2016w\" sizes=\"(max-width: 1024px) 100vw, 1024px\" \/><\/a><\/figure>\n\n\n\n<figure class=\"wp-block-image size-large\"><a href=\"https:\/\/maderas-holztechnik.de\/wp-content\/uploads\/2023\/02\/IMG_6377-min-scaled.jpg\"><img loading=\"lazy\" decoding=\"async\" width=\"1024\" height=\"768\" data-id=\"1235\" src=\"https:\/\/maderas-holztechnik.de\/wp-content\/uploads\/2023\/02\/IMG_6377-min-1024x768.jpg\" alt=\"\" class=\"wp-image-1235\" srcset=\"https:\/\/maderas-holztechnik.de\/wp-content\/uploads\/2023\/02\/IMG_6377-min-1024x768.jpg 1024w, https:\/\/maderas-holztechnik.de\/wp-content\/uploads\/2023\/02\/IMG_6377-min-300x225.jpg 300w, https:\/\/maderas-holztechnik.de\/wp-content\/uploads\/2023\/02\/IMG_6377-min-768x576.jpg 768w, https:\/\/maderas-holztechnik.de\/wp-content\/uploads\/2023\/02\/IMG_6377-min-1536x1152.jpg 1536w, https:\/\/maderas-holztechnik.de\/wp-content\/uploads\/2023\/02\/IMG_6377-min-2048x1536.jpg 2048w, https:\/\/maderas-holztechnik.de\/wp-content\/uploads\/2023\/02\/IMG_6377-min-16x12.jpg 16w\" sizes=\"(max-width: 1024px) 100vw, 1024px\" \/><\/a><\/figure>\n\n\n\n<figure class=\"wp-block-image size-large\"><a href=\"https:\/\/maderas-holztechnik.de\/wp-content\/uploads\/2023\/02\/IMG_6403-min-scaled.jpg\"><img loading=\"lazy\" decoding=\"async\" width=\"768\" height=\"1024\" data-id=\"1236\" src=\"https:\/\/maderas-holztechnik.de\/wp-content\/uploads\/2023\/02\/IMG_6403-min-768x1024.jpg\" alt=\"\" class=\"wp-image-1236\" srcset=\"https:\/\/maderas-holztechnik.de\/wp-content\/uploads\/2023\/02\/IMG_6403-min-768x1024.jpg 768w, https:\/\/maderas-holztechnik.de\/wp-content\/uploads\/2023\/02\/IMG_6403-min-225x300.jpg 225w, https:\/\/maderas-holztechnik.de\/wp-content\/uploads\/2023\/02\/IMG_6403-min-1152x1536.jpg 1152w, https:\/\/maderas-holztechnik.de\/wp-content\/uploads\/2023\/02\/IMG_6403-min-1536x2048.jpg 1536w, https:\/\/maderas-holztechnik.de\/wp-content\/uploads\/2023\/02\/IMG_6403-min-9x12.jpg 9w, https:\/\/maderas-holztechnik.de\/wp-content\/uploads\/2023\/02\/IMG_6403-min-scaled.jpg 1920w\" sizes=\"(max-width: 768px) 100vw, 768px\" \/><\/a><\/figure>\n\n\n\n<figure class=\"wp-block-image size-large\"><a href=\"https:\/\/maderas-holztechnik.de\/wp-content\/uploads\/2023\/02\/IMG_6420-min-scaled.jpg\"><img loading=\"lazy\" decoding=\"async\" width=\"768\" height=\"1024\" data-id=\"1237\" src=\"https:\/\/maderas-holztechnik.de\/wp-content\/uploads\/2023\/02\/IMG_6420-min-768x1024.jpg\" alt=\"\" class=\"wp-image-1237\" srcset=\"https:\/\/maderas-holztechnik.de\/wp-content\/uploads\/2023\/02\/IMG_6420-min-768x1024.jpg 768w, https:\/\/maderas-holztechnik.de\/wp-content\/uploads\/2023\/02\/IMG_6420-min-225x300.jpg 225w, https:\/\/maderas-holztechnik.de\/wp-content\/uploads\/2023\/02\/IMG_6420-min-1152x1536.jpg 1152w, https:\/\/maderas-holztechnik.de\/wp-content\/uploads\/2023\/02\/IMG_6420-min-1536x2048.jpg 1536w, https:\/\/maderas-holztechnik.de\/wp-content\/uploads\/2023\/02\/IMG_6420-min-9x12.jpg 9w, https:\/\/maderas-holztechnik.de\/wp-content\/uploads\/2023\/02\/IMG_6420-min-scaled.jpg 1920w\" sizes=\"(max-width: 768px) 100vw, 768px\" \/><\/a><\/figure>\n\n\n\n<figure class=\"wp-block-image size-large\"><a href=\"https:\/\/maderas-holztechnik.de\/wp-content\/uploads\/2023\/02\/IMG_6473-min.jpg\"><img loading=\"lazy\" decoding=\"async\" width=\"768\" height=\"1024\" data-id=\"1224\" src=\"https:\/\/maderas-holztechnik.de\/wp-content\/uploads\/2023\/02\/IMG_6473-min-768x1024.jpg\" alt=\"\" class=\"wp-image-1224\" srcset=\"https:\/\/maderas-holztechnik.de\/wp-content\/uploads\/2023\/02\/IMG_6473-min-768x1024.jpg 768w, https:\/\/maderas-holztechnik.de\/wp-content\/uploads\/2023\/02\/IMG_6473-min-225x300.jpg 225w, https:\/\/maderas-holztechnik.de\/wp-content\/uploads\/2023\/02\/IMG_6473-min-1152x1536.jpg 1152w, https:\/\/maderas-holztechnik.de\/wp-content\/uploads\/2023\/02\/IMG_6473-min-9x12.jpg 9w, https:\/\/maderas-holztechnik.de\/wp-content\/uploads\/2023\/02\/IMG_6473-min.jpg 1512w\" sizes=\"(max-width: 768px) 100vw, 768px\" \/><\/a><\/figure>\n\n\n\n<figure class=\"wp-block-image size-large\"><a href=\"https:\/\/maderas-holztechnik.de\/wp-content\/uploads\/2023\/02\/IMG_6483-1-min-scaled.jpg\"><img loading=\"lazy\" decoding=\"async\" width=\"768\" height=\"1024\" data-id=\"1221\" src=\"https:\/\/maderas-holztechnik.de\/wp-content\/uploads\/2023\/02\/IMG_6483-1-min-768x1024.jpg\" alt=\"\" class=\"wp-image-1221\" srcset=\"https:\/\/maderas-holztechnik.de\/wp-content\/uploads\/2023\/02\/IMG_6483-1-min-768x1024.jpg 768w, https:\/\/maderas-holztechnik.de\/wp-content\/uploads\/2023\/02\/IMG_6483-1-min-225x300.jpg 225w, https:\/\/maderas-holztechnik.de\/wp-content\/uploads\/2023\/02\/IMG_6483-1-min-1152x1536.jpg 1152w, https:\/\/maderas-holztechnik.de\/wp-content\/uploads\/2023\/02\/IMG_6483-1-min-1536x2048.jpg 1536w, https:\/\/maderas-holztechnik.de\/wp-content\/uploads\/2023\/02\/IMG_6483-1-min-9x12.jpg 9w, https:\/\/maderas-holztechnik.de\/wp-content\/uploads\/2023\/02\/IMG_6483-1-min-scaled.jpg 1920w\" sizes=\"(max-width: 768px) 100vw, 768px\" \/><\/a><\/figure>\n\n\n\n<figure class=\"wp-block-image size-large\"><a href=\"https:\/\/maderas-holztechnik.de\/wp-content\/uploads\/2023\/02\/IMG_6483-min.jpg\"><img loading=\"lazy\" decoding=\"async\" width=\"768\" height=\"1024\" data-id=\"1222\" src=\"https:\/\/maderas-holztechnik.de\/wp-content\/uploads\/2023\/02\/IMG_6483-min-768x1024.jpg\" alt=\"\" class=\"wp-image-1222\" srcset=\"https:\/\/maderas-holztechnik.de\/wp-content\/uploads\/2023\/02\/IMG_6483-min-768x1024.jpg 768w, https:\/\/maderas-holztechnik.de\/wp-content\/uploads\/2023\/02\/IMG_6483-min-225x300.jpg 225w, https:\/\/maderas-holztechnik.de\/wp-content\/uploads\/2023\/02\/IMG_6483-min-1152x1536.jpg 1152w, https:\/\/maderas-holztechnik.de\/wp-content\/uploads\/2023\/02\/IMG_6483-min-9x12.jpg 9w, https:\/\/maderas-holztechnik.de\/wp-content\/uploads\/2023\/02\/IMG_6483-min.jpg 1512w\" sizes=\"(max-width: 768px) 100vw, 768px\" \/><\/a><\/figure>\n\n\n\n<figure class=\"wp-block-image size-large\"><a href=\"https:\/\/maderas-holztechnik.de\/wp-content\/uploads\/2023\/02\/IMG_6588-min-scaled.jpg\"><img loading=\"lazy\" decoding=\"async\" width=\"1024\" height=\"768\" data-id=\"1229\" src=\"https:\/\/maderas-holztechnik.de\/wp-content\/uploads\/2023\/02\/IMG_6588-min-1024x768.jpg\" alt=\"\" class=\"wp-image-1229\" srcset=\"https:\/\/maderas-holztechnik.de\/wp-content\/uploads\/2023\/02\/IMG_6588-min-1024x768.jpg 1024w, https:\/\/maderas-holztechnik.de\/wp-content\/uploads\/2023\/02\/IMG_6588-min-300x225.jpg 300w, https:\/\/maderas-holztechnik.de\/wp-content\/uploads\/2023\/02\/IMG_6588-min-768x576.jpg 768w, https:\/\/maderas-holztechnik.de\/wp-content\/uploads\/2023\/02\/IMG_6588-min-1536x1152.jpg 1536w, https:\/\/maderas-holztechnik.de\/wp-content\/uploads\/2023\/02\/IMG_6588-min-2048x1536.jpg 2048w, https:\/\/maderas-holztechnik.de\/wp-content\/uploads\/2023\/02\/IMG_6588-min-16x12.jpg 16w\" sizes=\"(max-width: 1024px) 100vw, 1024px\" \/><\/a><\/figure>\n\n\n\n<figure class=\"wp-block-image size-large\"><a href=\"https:\/\/maderas-holztechnik.de\/wp-content\/uploads\/2023\/02\/IMG_6800-min-scaled.jpg\"><img loading=\"lazy\" decoding=\"async\" width=\"1024\" height=\"768\" data-id=\"1233\" src=\"https:\/\/maderas-holztechnik.de\/wp-content\/uploads\/2023\/02\/IMG_6800-min-1024x768.jpg\" alt=\"\" class=\"wp-image-1233\" srcset=\"https:\/\/maderas-holztechnik.de\/wp-content\/uploads\/2023\/02\/IMG_6800-min-1024x768.jpg 1024w, https:\/\/maderas-holztechnik.de\/wp-content\/uploads\/2023\/02\/IMG_6800-min-300x225.jpg 300w, https:\/\/maderas-holztechnik.de\/wp-content\/uploads\/2023\/02\/IMG_6800-min-768x576.jpg 768w, https:\/\/maderas-holztechnik.de\/wp-content\/uploads\/2023\/02\/IMG_6800-min-1536x1152.jpg 1536w, https:\/\/maderas-holztechnik.de\/wp-content\/uploads\/2023\/02\/IMG_6800-min-2048x1536.jpg 2048w, https:\/\/maderas-holztechnik.de\/wp-content\/uploads\/2023\/02\/IMG_6800-min-16x12.jpg 16w\" sizes=\"(max-width: 1024px) 100vw, 1024px\" \/><\/a><\/figure>\n\n\n\n<figure class=\"wp-block-image size-large\"><a href=\"https:\/\/maderas-holztechnik.de\/wp-content\/uploads\/2023\/02\/IMG_8722-min-scaled.jpg\"><img loading=\"lazy\" decoding=\"async\" width=\"1024\" height=\"768\" data-id=\"1234\" src=\"https:\/\/maderas-holztechnik.de\/wp-content\/uploads\/2023\/02\/IMG_8722-min-1024x768.jpg\" alt=\"\" class=\"wp-image-1234\" srcset=\"https:\/\/maderas-holztechnik.de\/wp-content\/uploads\/2023\/02\/IMG_8722-min-1024x768.jpg 1024w, https:\/\/maderas-holztechnik.de\/wp-content\/uploads\/2023\/02\/IMG_8722-min-300x225.jpg 300w, https:\/\/maderas-holztechnik.de\/wp-content\/uploads\/2023\/02\/IMG_8722-min-768x576.jpg 768w, https:\/\/maderas-holztechnik.de\/wp-content\/uploads\/2023\/02\/IMG_8722-min-1536x1152.jpg 1536w, https:\/\/maderas-holztechnik.de\/wp-content\/uploads\/2023\/02\/IMG_8722-min-2048x1536.jpg 2048w, https:\/\/maderas-holztechnik.de\/wp-content\/uploads\/2023\/02\/IMG_8722-min-16x12.jpg 16w\" sizes=\"(max-width: 1024px) 100vw, 1024px\" \/><\/a><\/figure>\n\n\n\n<figure class=\"wp-block-image size-large\"><a href=\"https:\/\/maderas-holztechnik.de\/wp-content\/uploads\/2023\/02\/IMG_8724-min-scaled.jpg\"><img loading=\"lazy\" decoding=\"async\" width=\"1024\" height=\"768\" data-id=\"1232\" src=\"https:\/\/maderas-holztechnik.de\/wp-content\/uploads\/2023\/02\/IMG_8724-min-1024x768.jpg\" alt=\"\" class=\"wp-image-1232\" srcset=\"https:\/\/maderas-holztechnik.de\/wp-content\/uploads\/2023\/02\/IMG_8724-min-1024x768.jpg 1024w, https:\/\/maderas-holztechnik.de\/wp-content\/uploads\/2023\/02\/IMG_8724-min-300x225.jpg 300w, https:\/\/maderas-holztechnik.de\/wp-content\/uploads\/2023\/02\/IMG_8724-min-768x576.jpg 768w, https:\/\/maderas-holztechnik.de\/wp-content\/uploads\/2023\/02\/IMG_8724-min-1536x1152.jpg 1536w, https:\/\/maderas-holztechnik.de\/wp-content\/uploads\/2023\/02\/IMG_8724-min-2048x1536.jpg 2048w, https:\/\/maderas-holztechnik.de\/wp-content\/uploads\/2023\/02\/IMG_8724-min-16x12.jpg 16w\" sizes=\"(max-width: 1024px) 100vw, 1024px\" \/><\/a><\/figure>\n<\/figure>\n\n\n\n<div style=\"height:100px\" aria-hidden=\"true\" class=\"wp-block-spacer\"><\/div>\n\n\n\n<h2 class=\"wp-block-heading\">press article by Ovo and Antje<\/h2>\n\n\n\n<div style=\"height:40px\" aria-hidden=\"true\" class=\"wp-block-spacer\"><\/div>\n\n\n\n<div class=\"wp-block-buttons is-layout-flex wp-block-buttons-is-layout-flex\">\n<div class=\"wp-block-button\"><a class=\"wp-block-button__link wp-element-button\" href=\"https:\/\/www.nw.de\/lokal\/kreis_hoexter\/hoexter\/20888921_Freundeskreis-will-Stoerche-ansiedeln.html\" target=\"_blank\" rel=\"noreferrer noopener\">Presseartikel &#8222;Freundeskreis will St\u00f6rche ansiedeln&#8220; vom 18.08.2016<\/a><\/div>\n<\/div>\n\n\n\n<div class=\"wp-block-buttons is-layout-flex wp-block-buttons-is-layout-flex\">\n<div class=\"wp-block-button\"><a class=\"wp-block-button__link wp-element-button\" href=\"https:\/\/www.westfalen-blatt.de\/owl\/kreis-hoexter\/hoexter\/kinder-geben-storchen-namen-1261985\" target=\"_blank\" rel=\"noreferrer noopener\">Presseartikel Westfalenblatt &#8222;Kinder geben St\u00f6rchen Namen&#8220; vom 08.07.2018<\/a><\/div>\n<\/div>\n\n\n\n<div class=\"wp-block-buttons is-layout-flex wp-block-buttons-is-layout-flex\">\n<div class=\"wp-block-button\"><a class=\"wp-block-button__link wp-element-button\" href=\"https:\/\/www.nw.de\/lokal\/kreis_hoexter\/hoexter\/22964520_Storchenpaar-in-Ovenhausen-komplett-Sorge-um-moegliche-Jungtiere.html\" target=\"_blank\" rel=\"noreferrer noopener\">Presseartikel &#8222;Storchenpaar komplett &#8211; Sorge um m\u00f6gliche Jungtiere&#8220; vom 02.03.2021&nbsp;<\/a><\/div>\n<\/div>\n\n\n\n<div class=\"wp-block-buttons is-layout-flex wp-block-buttons-is-layout-flex\">\n<div class=\"wp-block-button\"><a class=\"wp-block-button__link wp-element-button\" href=\"https:\/\/www.nw.de\/lokal\/kreis_hoexter\/hoexter\/22948760_Erster-Storch-in-Ovenhausen-gelandet.html\" target=\"_blank\" rel=\"noreferrer noopener\">Presseartikel &#8222;Erster Storch in Ovenhausen gelandet&#8220; vom 04.02.2021&nbsp;<\/a><\/div>\n<\/div>\n\n\n\n<div class=\"wp-block-buttons is-layout-flex wp-block-buttons-is-layout-flex\">\n<div class=\"wp-block-button\"><a class=\"wp-block-button__link wp-element-button\" href=\"https:\/\/maderas-holztechnik.de\/wp-admin\/post.php?post=233&amp;action=edit\" target=\"_blank\" rel=\"noreferrer noopener\">Blogartikel &#8222;Storchennachwuchs wird beringt&#8220; <\/a><\/div>\n<\/div>\n\n\n\n<div style=\"height:100px\" aria-hidden=\"true\" class=\"wp-block-spacer\"><\/div>","protected":false},"excerpt":{"rendered":"<p>Hoch hinaus Sie verbringen ihren Winter in Afrika. Aber ab dem Fr\u00fchjahr zieht es sie zu uns nach H\u00f6xter. Jedes Jahr freuen wir uns bei Maderas Holztechnik auf die Ankunft unserer gefiederten G\u00e4ste. Seit 2016 besuchen regelm\u00e4\u00dfig Wei\u00dfst\u00f6rche den stillgelegten Schornstein unseres Standorts in H\u00f6xter-Ovenhausen. Als dieser bauf\u00e4llig wurde und abgebrochen werden musste, haben wir [&hellip;]<\/p>\n","protected":false},"author":1,"featured_media":0,"parent":483,"menu_order":4,"comment_status":"closed","ping_status":"closed","template":"","meta":{"_acf_changed":false,"footnotes":""},"funktion":[18],"class_list":["post-495","page","type-page","status-publish","hentry","funktion-mit-slider"],"acf":[],"_links":{"self":[{"href":"https:\/\/maderas-holztechnik.de\/en\/wp-json\/wp\/v2\/pages\/495","targetHints":{"allow":["GET"]}}],"collection":[{"href":"https:\/\/maderas-holztechnik.de\/en\/wp-json\/wp\/v2\/pages"}],"about":[{"href":"https:\/\/maderas-holztechnik.de\/en\/wp-json\/wp\/v2\/types\/page"}],"author":[{"embeddable":true,"href":"https:\/\/maderas-holztechnik.de\/en\/wp-json\/wp\/v2\/users\/1"}],"replies":[{"embeddable":true,"href":"https:\/\/maderas-holztechnik.de\/en\/wp-json\/wp\/v2\/comments?post=495"}],"version-history":[{"count":0,"href":"https:\/\/maderas-holztechnik.de\/en\/wp-json\/wp\/v2\/pages\/495\/revisions"}],"up":[{"embeddable":true,"href":"https:\/\/maderas-holztechnik.de\/en\/wp-json\/wp\/v2\/pages\/483"}],"wp:attachment":[{"href":"https:\/\/maderas-holztechnik.de\/en\/wp-json\/wp\/v2\/media?parent=495"}],"wp:term":[{"taxonomy":"funktion","embeddable":true,"href":"https:\/\/maderas-holztechnik.de\/en\/wp-json\/wp\/v2\/funktion?post=495"}],"curies":[{"name":"wp","href":"https:\/\/api.w.org\/{rel}","templated":true}]}}