{"id":883,"date":"2023-01-24T11:07:17","date_gmt":"2023-01-24T10:07:17","guid":{"rendered":"https:\/\/maderas-holztechnik.de\/?page_id=883"},"modified":"2023-04-19T09:25:25","modified_gmt":"2023-04-19T07:25:25","slug":"stuehle","status":"publish","type":"page","link":"https:\/\/maderas-holztechnik.de\/en\/ueber-uns\/unsere-kompetenzen\/stuehle\/","title":{"rendered":"Chairs"},"content":{"rendered":"<h2 class=\"wp-block-heading\">quality chair frames<\/h2>\n\n\n\n<div class=\"wp-block-columns is-layout-flex wp-container-core-columns-is-layout-28f84493 wp-block-columns-is-layout-flex\">\n<div class=\"wp-block-column is-layout-flow wp-block-column-is-layout-flow\">\n<p>Your idea deserves a front-row seat. The production of high-quality chair frames is our domain. Whether classic or modern, oiled or lacquered, oak or walnut: we implement your design exactly according to your wishes.&nbsp;<\/p>\n\n\n\n<div style=\"height:40px\" aria-hidden=\"true\" class=\"wp-block-spacer\"><\/div>\n\n\n\n<div class=\"wp-block-buttons is-layout-flex wp-block-buttons-is-layout-flex\">\n<div class=\"wp-block-button\"><a class=\"wp-block-button__link wp-element-button\" href=\"https:\/\/maderas-holztechnik.de\/en\/ueber-uns\/\">Get to know us<\/a><\/div>\n\n\n\n<div class=\"wp-block-button\"><a class=\"wp-block-button__link wp-element-button\" href=\"https:\/\/maderas-holztechnik.de\/en\/kontakt\/\">Contact form<\/a><\/div>\n<\/div>\n<\/div>\n\n\n\n<div class=\"wp-block-column is-layout-flow wp-block-column-is-layout-flow\">\n<h5 class=\"wp-block-heading\">What we offer you<\/h5>\n\n\n\n<ul class=\"wp-block-list\">\n<li>Small quantities or large series<\/li>\n\n\n\n<li>Top-quality wood<\/li>\n\n\n\n<li>Varied selection of wood types<\/li>\n\n\n\n<li>Uniform wood moisture content<\/li>\n\n\n\n<li>State-of-the-art machinery<\/li>\n\n\n\n<li>Short production and set-up times<\/li>\n\n\n\n<li>Wide range of small parts made of solid wood<\/li>\n<\/ul>\n<\/div>\n<\/div>\n\n\n\n<div style=\"height:100px\" aria-hidden=\"true\" class=\"wp-block-spacer\"><\/div>\n\n\n\n<h3 class=\"wp-block-heading\">Impressions<\/h3>\n\n\n\n<div style=\"height:20px\" aria-hidden=\"true\" class=\"wp-block-spacer\"><\/div>\n\n\n\n<figure class=\"wp-block-gallery has-nested-images columns-3 is-cropped wp-block-gallery-1 is-layout-flex wp-block-gallery-is-layout-flex\">\n<figure class=\"wp-block-image size-large\"><a href=\"https:\/\/maderas-holztechnik.de\/wp-content\/uploads\/2023\/04\/DSCF9660.jpg\"><img fetchpriority=\"high\" decoding=\"async\" width=\"1024\" height=\"682\" data-id=\"1923\" src=\"https:\/\/maderas-holztechnik.de\/wp-content\/uploads\/2023\/04\/DSCF9660-1024x682.jpg\" alt=\"\" class=\"wp-image-1923\" srcset=\"https:\/\/maderas-holztechnik.de\/wp-content\/uploads\/2023\/04\/DSCF9660-1024x682.jpg 1024w, https:\/\/maderas-holztechnik.de\/wp-content\/uploads\/2023\/04\/DSCF9660-300x200.jpg 300w, https:\/\/maderas-holztechnik.de\/wp-content\/uploads\/2023\/04\/DSCF9660-768x512.jpg 768w, https:\/\/maderas-holztechnik.de\/wp-content\/uploads\/2023\/04\/DSCF9660-18x12.jpg 18w, https:\/\/maderas-holztechnik.de\/wp-content\/uploads\/2023\/04\/DSCF9660.jpg 1123w\" sizes=\"(max-width: 1024px) 100vw, 1024px\" \/><\/a><\/figure>\n\n\n\n<figure class=\"wp-block-image size-large\"><a href=\"https:\/\/maderas-holztechnik.de\/wp-content\/uploads\/2023\/02\/DSCF9626.jpg\"><img decoding=\"async\" width=\"664\" height=\"997\" data-id=\"1168\" src=\"https:\/\/maderas-holztechnik.de\/wp-content\/uploads\/2023\/02\/DSCF9626.jpg\" alt=\"\" class=\"wp-image-1168\" srcset=\"https:\/\/maderas-holztechnik.de\/wp-content\/uploads\/2023\/02\/DSCF9626.jpg 664w, https:\/\/maderas-holztechnik.de\/wp-content\/uploads\/2023\/02\/DSCF9626-200x300.jpg 200w, https:\/\/maderas-holztechnik.de\/wp-content\/uploads\/2023\/02\/DSCF9626-8x12.jpg 8w\" sizes=\"(max-width: 664px) 100vw, 664px\" \/><\/a><\/figure>\n\n\n\n<figure class=\"wp-block-image size-large\"><a href=\"https:\/\/maderas-holztechnik.de\/wp-content\/uploads\/2023\/02\/DSCF9580.jpg\"><img decoding=\"async\" width=\"1024\" height=\"682\" data-id=\"1158\" src=\"https:\/\/maderas-holztechnik.de\/wp-content\/uploads\/2023\/02\/DSCF9580-1024x682.jpg\" alt=\"\" class=\"wp-image-1158\" srcset=\"https:\/\/maderas-holztechnik.de\/wp-content\/uploads\/2023\/02\/DSCF9580-1024x682.jpg 1024w, https:\/\/maderas-holztechnik.de\/wp-content\/uploads\/2023\/02\/DSCF9580-300x200.jpg 300w, https:\/\/maderas-holztechnik.de\/wp-content\/uploads\/2023\/02\/DSCF9580-768x512.jpg 768w, https:\/\/maderas-holztechnik.de\/wp-content\/uploads\/2023\/02\/DSCF9580-18x12.jpg 18w, https:\/\/maderas-holztechnik.de\/wp-content\/uploads\/2023\/02\/DSCF9580.jpg 1123w\" sizes=\"(max-width: 1024px) 100vw, 1024px\" \/><\/a><\/figure>\n\n\n\n<figure class=\"wp-block-image size-large\"><a href=\"https:\/\/maderas-holztechnik.de\/wp-content\/uploads\/2023\/04\/DSCF9238.jpg\"><img loading=\"lazy\" decoding=\"async\" width=\"1024\" height=\"682\" data-id=\"1922\" src=\"https:\/\/maderas-holztechnik.de\/wp-content\/uploads\/2023\/04\/DSCF9238-1024x682.jpg\" alt=\"\" class=\"wp-image-1922\" srcset=\"https:\/\/maderas-holztechnik.de\/wp-content\/uploads\/2023\/04\/DSCF9238-1024x682.jpg 1024w, https:\/\/maderas-holztechnik.de\/wp-content\/uploads\/2023\/04\/DSCF9238-300x200.jpg 300w, https:\/\/maderas-holztechnik.de\/wp-content\/uploads\/2023\/04\/DSCF9238-768x512.jpg 768w, https:\/\/maderas-holztechnik.de\/wp-content\/uploads\/2023\/04\/DSCF9238-18x12.jpg 18w, https:\/\/maderas-holztechnik.de\/wp-content\/uploads\/2023\/04\/DSCF9238.jpg 1123w\" sizes=\"(max-width: 1024px) 100vw, 1024px\" \/><\/a><\/figure>\n\n\n\n<figure class=\"wp-block-image size-large\"><a href=\"https:\/\/maderas-holztechnik.de\/wp-content\/uploads\/2023\/02\/DSCF9561.jpg\"><img loading=\"lazy\" decoding=\"async\" width=\"1024\" height=\"682\" data-id=\"1156\" src=\"https:\/\/maderas-holztechnik.de\/wp-content\/uploads\/2023\/02\/DSCF9561-1024x682.jpg\" alt=\"\" class=\"wp-image-1156\" srcset=\"https:\/\/maderas-holztechnik.de\/wp-content\/uploads\/2023\/02\/DSCF9561-1024x682.jpg 1024w, https:\/\/maderas-holztechnik.de\/wp-content\/uploads\/2023\/02\/DSCF9561-300x200.jpg 300w, https:\/\/maderas-holztechnik.de\/wp-content\/uploads\/2023\/02\/DSCF9561-768x512.jpg 768w, https:\/\/maderas-holztechnik.de\/wp-content\/uploads\/2023\/02\/DSCF9561-18x12.jpg 18w, https:\/\/maderas-holztechnik.de\/wp-content\/uploads\/2023\/02\/DSCF9561.jpg 1123w\" sizes=\"(max-width: 1024px) 100vw, 1024px\" \/><\/a><\/figure>\n\n\n\n<figure class=\"wp-block-image size-large\"><a href=\"https:\/\/maderas-holztechnik.de\/wp-content\/uploads\/2023\/02\/DSCF9311.jpg\"><img loading=\"lazy\" decoding=\"async\" width=\"1024\" height=\"682\" data-id=\"1118\" src=\"https:\/\/maderas-holztechnik.de\/wp-content\/uploads\/2023\/02\/DSCF9311-1024x682.jpg\" alt=\"\" class=\"wp-image-1118\" srcset=\"https:\/\/maderas-holztechnik.de\/wp-content\/uploads\/2023\/02\/DSCF9311-1024x682.jpg 1024w, https:\/\/maderas-holztechnik.de\/wp-content\/uploads\/2023\/02\/DSCF9311-300x200.jpg 300w, https:\/\/maderas-holztechnik.de\/wp-content\/uploads\/2023\/02\/DSCF9311-768x512.jpg 768w, https:\/\/maderas-holztechnik.de\/wp-content\/uploads\/2023\/02\/DSCF9311-18x12.jpg 18w, https:\/\/maderas-holztechnik.de\/wp-content\/uploads\/2023\/02\/DSCF9311.jpg 1123w\" sizes=\"(max-width: 1024px) 100vw, 1024px\" \/><\/a><\/figure>\n\n\n\n<figure class=\"wp-block-image size-large\"><a href=\"https:\/\/maderas-holztechnik.de\/wp-content\/uploads\/2023\/02\/DSCF9543.jpg\"><img loading=\"lazy\" decoding=\"async\" width=\"682\" height=\"1024\" data-id=\"1152\" src=\"https:\/\/maderas-holztechnik.de\/wp-content\/uploads\/2023\/02\/DSCF9543-682x1024.jpg\" alt=\"\" class=\"wp-image-1152\" srcset=\"https:\/\/maderas-holztechnik.de\/wp-content\/uploads\/2023\/02\/DSCF9543-682x1024.jpg 682w, https:\/\/maderas-holztechnik.de\/wp-content\/uploads\/2023\/02\/DSCF9543-200x300.jpg 200w, https:\/\/maderas-holztechnik.de\/wp-content\/uploads\/2023\/02\/DSCF9543-8x12.jpg 8w, https:\/\/maderas-holztechnik.de\/wp-content\/uploads\/2023\/02\/DSCF9543.jpg 748w\" sizes=\"(max-width: 682px) 100vw, 682px\" \/><\/a><\/figure>\n\n\n\n<figure class=\"wp-block-image size-large\"><a href=\"https:\/\/maderas-holztechnik.de\/wp-content\/uploads\/2023\/02\/DSCF9553.jpg\"><img loading=\"lazy\" decoding=\"async\" width=\"1024\" height=\"682\" data-id=\"1153\" src=\"https:\/\/maderas-holztechnik.de\/wp-content\/uploads\/2023\/02\/DSCF9553-1024x682.jpg\" alt=\"\" class=\"wp-image-1153\" srcset=\"https:\/\/maderas-holztechnik.de\/wp-content\/uploads\/2023\/02\/DSCF9553-1024x682.jpg 1024w, https:\/\/maderas-holztechnik.de\/wp-content\/uploads\/2023\/02\/DSCF9553-300x200.jpg 300w, https:\/\/maderas-holztechnik.de\/wp-content\/uploads\/2023\/02\/DSCF9553-768x512.jpg 768w, https:\/\/maderas-holztechnik.de\/wp-content\/uploads\/2023\/02\/DSCF9553-18x12.jpg 18w, https:\/\/maderas-holztechnik.de\/wp-content\/uploads\/2023\/02\/DSCF9553.jpg 1123w\" sizes=\"(max-width: 1024px) 100vw, 1024px\" \/><\/a><\/figure>\n\n\n\n<figure class=\"wp-block-image size-large\"><a href=\"https:\/\/maderas-holztechnik.de\/wp-content\/uploads\/2023\/04\/DSCF9636.jpg\"><img loading=\"lazy\" decoding=\"async\" width=\"619\" height=\"928\" data-id=\"1927\" src=\"https:\/\/maderas-holztechnik.de\/wp-content\/uploads\/2023\/04\/DSCF9636.jpg\" alt=\"\" class=\"wp-image-1927\" srcset=\"https:\/\/maderas-holztechnik.de\/wp-content\/uploads\/2023\/04\/DSCF9636.jpg 619w, https:\/\/maderas-holztechnik.de\/wp-content\/uploads\/2023\/04\/DSCF9636-200x300.jpg 200w, https:\/\/maderas-holztechnik.de\/wp-content\/uploads\/2023\/04\/DSCF9636-8x12.jpg 8w\" sizes=\"(max-width: 619px) 100vw, 619px\" \/><\/a><\/figure>\n\n\n\n<figure class=\"wp-block-image size-large\"><a href=\"https:\/\/maderas-holztechnik.de\/wp-content\/uploads\/2023\/02\/DSCF9163.jpg\"><img loading=\"lazy\" decoding=\"async\" width=\"1024\" height=\"682\" data-id=\"1097\" src=\"https:\/\/maderas-holztechnik.de\/wp-content\/uploads\/2023\/02\/DSCF9163-1024x682.jpg\" alt=\"\" class=\"wp-image-1097\" srcset=\"https:\/\/maderas-holztechnik.de\/wp-content\/uploads\/2023\/02\/DSCF9163-1024x682.jpg 1024w, https:\/\/maderas-holztechnik.de\/wp-content\/uploads\/2023\/02\/DSCF9163-300x200.jpg 300w, https:\/\/maderas-holztechnik.de\/wp-content\/uploads\/2023\/02\/DSCF9163-768x512.jpg 768w, https:\/\/maderas-holztechnik.de\/wp-content\/uploads\/2023\/02\/DSCF9163-18x12.jpg 18w, https:\/\/maderas-holztechnik.de\/wp-content\/uploads\/2023\/02\/DSCF9163.jpg 1123w\" sizes=\"(max-width: 1024px) 100vw, 1024px\" \/><\/a><\/figure>\n\n\n\n<figure class=\"wp-block-image size-large\"><a href=\"https:\/\/maderas-holztechnik.de\/wp-content\/uploads\/2023\/02\/DSCF9670.jpg\"><img loading=\"lazy\" decoding=\"async\" width=\"682\" height=\"1024\" data-id=\"1175\" src=\"https:\/\/maderas-holztechnik.de\/wp-content\/uploads\/2023\/02\/DSCF9670-682x1024.jpg\" alt=\"\" class=\"wp-image-1175\" srcset=\"https:\/\/maderas-holztechnik.de\/wp-content\/uploads\/2023\/02\/DSCF9670-682x1024.jpg 682w, https:\/\/maderas-holztechnik.de\/wp-content\/uploads\/2023\/02\/DSCF9670-200x300.jpg 200w, https:\/\/maderas-holztechnik.de\/wp-content\/uploads\/2023\/02\/DSCF9670-8x12.jpg 8w, https:\/\/maderas-holztechnik.de\/wp-content\/uploads\/2023\/02\/DSCF9670.jpg 748w\" sizes=\"(max-width: 682px) 100vw, 682px\" \/><\/a><\/figure>\n\n\n\n<figure class=\"wp-block-image size-large\"><a href=\"https:\/\/maderas-holztechnik.de\/wp-content\/uploads\/2023\/02\/DSCF9226.jpg\"><img loading=\"lazy\" decoding=\"async\" width=\"1024\" height=\"682\" data-id=\"1102\" src=\"https:\/\/maderas-holztechnik.de\/wp-content\/uploads\/2023\/02\/DSCF9226-1024x682.jpg\" alt=\"\" class=\"wp-image-1102\" srcset=\"https:\/\/maderas-holztechnik.de\/wp-content\/uploads\/2023\/02\/DSCF9226-1024x682.jpg 1024w, https:\/\/maderas-holztechnik.de\/wp-content\/uploads\/2023\/02\/DSCF9226-300x200.jpg 300w, https:\/\/maderas-holztechnik.de\/wp-content\/uploads\/2023\/02\/DSCF9226-768x512.jpg 768w, https:\/\/maderas-holztechnik.de\/wp-content\/uploads\/2023\/02\/DSCF9226-18x12.jpg 18w, https:\/\/maderas-holztechnik.de\/wp-content\/uploads\/2023\/02\/DSCF9226.jpg 1123w\" sizes=\"(max-width: 1024px) 100vw, 1024px\" \/><\/a><\/figure>\n\n\n\n<figure class=\"wp-block-image size-large\"><a href=\"https:\/\/maderas-holztechnik.de\/wp-content\/uploads\/2023\/03\/4.jpg\"><img loading=\"lazy\" decoding=\"async\" width=\"555\" height=\"370\" data-id=\"1484\" src=\"https:\/\/maderas-holztechnik.de\/wp-content\/uploads\/2023\/03\/4.jpg\" alt=\"\" class=\"wp-image-1484\" srcset=\"https:\/\/maderas-holztechnik.de\/wp-content\/uploads\/2023\/03\/4.jpg 555w, https:\/\/maderas-holztechnik.de\/wp-content\/uploads\/2023\/03\/4-300x200.jpg 300w, https:\/\/maderas-holztechnik.de\/wp-content\/uploads\/2023\/03\/4-18x12.jpg 18w\" sizes=\"(max-width: 555px) 100vw, 555px\" \/><\/a><\/figure>\n\n\n\n<figure class=\"wp-block-image size-large\"><a href=\"https:\/\/maderas-holztechnik.de\/wp-content\/uploads\/2023\/03\/2017_9-400x284-1.jpg\"><img loading=\"lazy\" decoding=\"async\" width=\"400\" height=\"284\" data-id=\"1482\" src=\"https:\/\/maderas-holztechnik.de\/wp-content\/uploads\/2023\/03\/2017_9-400x284-1.jpg\" alt=\"\" class=\"wp-image-1482\" srcset=\"https:\/\/maderas-holztechnik.de\/wp-content\/uploads\/2023\/03\/2017_9-400x284-1.jpg 400w, https:\/\/maderas-holztechnik.de\/wp-content\/uploads\/2023\/03\/2017_9-400x284-1-300x213.jpg 300w, https:\/\/maderas-holztechnik.de\/wp-content\/uploads\/2023\/03\/2017_9-400x284-1-18x12.jpg 18w\" sizes=\"(max-width: 400px) 100vw, 400px\" \/><\/a><\/figure>\n\n\n\n<figure class=\"wp-block-image size-large\"><a href=\"https:\/\/maderas-holztechnik.de\/wp-content\/uploads\/2023\/03\/2017_13.jpg\"><img loading=\"lazy\" decoding=\"async\" width=\"555\" height=\"370\" data-id=\"1483\" src=\"https:\/\/maderas-holztechnik.de\/wp-content\/uploads\/2023\/03\/2017_13.jpg\" alt=\"\" class=\"wp-image-1483\" srcset=\"https:\/\/maderas-holztechnik.de\/wp-content\/uploads\/2023\/03\/2017_13.jpg 555w, https:\/\/maderas-holztechnik.de\/wp-content\/uploads\/2023\/03\/2017_13-300x200.jpg 300w, https:\/\/maderas-holztechnik.de\/wp-content\/uploads\/2023\/03\/2017_13-18x12.jpg 18w\" sizes=\"(max-width: 555px) 100vw, 555px\" \/><\/a><\/figure>\n\n\n\n<figure class=\"wp-block-image size-large\"><a href=\"https:\/\/maderas-holztechnik.de\/wp-content\/uploads\/2023\/03\/maderas-impression-05.jpg\"><img loading=\"lazy\" decoding=\"async\" width=\"750\" height=\"750\" data-id=\"1486\" src=\"https:\/\/maderas-holztechnik.de\/wp-content\/uploads\/2023\/03\/maderas-impression-05.jpg\" alt=\"\" class=\"wp-image-1486\" srcset=\"https:\/\/maderas-holztechnik.de\/wp-content\/uploads\/2023\/03\/maderas-impression-05.jpg 750w, https:\/\/maderas-holztechnik.de\/wp-content\/uploads\/2023\/03\/maderas-impression-05-300x300.jpg 300w, https:\/\/maderas-holztechnik.de\/wp-content\/uploads\/2023\/03\/maderas-impression-05-150x150.jpg 150w, https:\/\/maderas-holztechnik.de\/wp-content\/uploads\/2023\/03\/maderas-impression-05-12x12.jpg 12w\" sizes=\"(max-width: 750px) 100vw, 750px\" \/><\/a><\/figure>\n\n\n\n<figure class=\"wp-block-image size-large\"><a href=\"https:\/\/maderas-holztechnik.de\/wp-content\/uploads\/2023\/03\/produkte_stuehle_1_gr-1.jpg\"><img loading=\"lazy\" decoding=\"async\" width=\"700\" height=\"467\" data-id=\"1487\" src=\"https:\/\/maderas-holztechnik.de\/wp-content\/uploads\/2023\/03\/produkte_stuehle_1_gr-1.jpg\" alt=\"\" class=\"wp-image-1487\" srcset=\"https:\/\/maderas-holztechnik.de\/wp-content\/uploads\/2023\/03\/produkte_stuehle_1_gr-1.jpg 700w, https:\/\/maderas-holztechnik.de\/wp-content\/uploads\/2023\/03\/produkte_stuehle_1_gr-1-300x200.jpg 300w, https:\/\/maderas-holztechnik.de\/wp-content\/uploads\/2023\/03\/produkte_stuehle_1_gr-1-18x12.jpg 18w\" sizes=\"(max-width: 700px) 100vw, 700px\" \/><\/a><\/figure>\n\n\n\n<figure class=\"wp-block-image size-large\"><a href=\"https:\/\/maderas-holztechnik.de\/wp-content\/uploads\/2023\/03\/produkte_stuehle_2_gr.jpg\"><img loading=\"lazy\" decoding=\"async\" width=\"700\" height=\"467\" data-id=\"1485\" src=\"https:\/\/maderas-holztechnik.de\/wp-content\/uploads\/2023\/03\/produkte_stuehle_2_gr.jpg\" alt=\"\" class=\"wp-image-1485\" srcset=\"https:\/\/maderas-holztechnik.de\/wp-content\/uploads\/2023\/03\/produkte_stuehle_2_gr.jpg 700w, https:\/\/maderas-holztechnik.de\/wp-content\/uploads\/2023\/03\/produkte_stuehle_2_gr-300x200.jpg 300w, https:\/\/maderas-holztechnik.de\/wp-content\/uploads\/2023\/03\/produkte_stuehle_2_gr-18x12.jpg 18w\" sizes=\"(max-width: 700px) 100vw, 700px\" \/><\/a><\/figure>\n\n\n\n<figure class=\"wp-block-image size-large\"><a href=\"https:\/\/maderas-holztechnik.de\/wp-content\/uploads\/2023\/03\/produkte_stuehle_3_gr.jpg\"><img loading=\"lazy\" decoding=\"async\" width=\"700\" height=\"467\" data-id=\"1488\" src=\"https:\/\/maderas-holztechnik.de\/wp-content\/uploads\/2023\/03\/produkte_stuehle_3_gr.jpg\" alt=\"\" class=\"wp-image-1488\" srcset=\"https:\/\/maderas-holztechnik.de\/wp-content\/uploads\/2023\/03\/produkte_stuehle_3_gr.jpg 700w, https:\/\/maderas-holztechnik.de\/wp-content\/uploads\/2023\/03\/produkte_stuehle_3_gr-300x200.jpg 300w, https:\/\/maderas-holztechnik.de\/wp-content\/uploads\/2023\/03\/produkte_stuehle_3_gr-18x12.jpg 18w\" sizes=\"(max-width: 700px) 100vw, 700px\" \/><\/a><\/figure>\n\n\n\n<figure class=\"wp-block-image size-large\"><a href=\"https:\/\/maderas-holztechnik.de\/wp-content\/uploads\/2023\/04\/DSCF7337-1.jpg\"><img loading=\"lazy\" decoding=\"async\" width=\"1024\" height=\"683\" data-id=\"1924\" src=\"https:\/\/maderas-holztechnik.de\/wp-content\/uploads\/2023\/04\/DSCF7337-1-1024x683.jpg\" alt=\"\" class=\"wp-image-1924\" srcset=\"https:\/\/maderas-holztechnik.de\/wp-content\/uploads\/2023\/04\/DSCF7337-1-1024x683.jpg 1024w, https:\/\/maderas-holztechnik.de\/wp-content\/uploads\/2023\/04\/DSCF7337-1-300x200.jpg 300w, https:\/\/maderas-holztechnik.de\/wp-content\/uploads\/2023\/04\/DSCF7337-1-768x512.jpg 768w, https:\/\/maderas-holztechnik.de\/wp-content\/uploads\/2023\/04\/DSCF7337-1-18x12.jpg 18w, https:\/\/maderas-holztechnik.de\/wp-content\/uploads\/2023\/04\/DSCF7337-1.jpg 1185w\" sizes=\"(max-width: 1024px) 100vw, 1024px\" \/><\/a><\/figure>\n\n\n\n<figure class=\"wp-block-image size-large\"><a href=\"https:\/\/maderas-holztechnik.de\/wp-content\/uploads\/2023\/04\/DSCF7338-1.jpg\"><img loading=\"lazy\" decoding=\"async\" width=\"1024\" height=\"683\" data-id=\"1925\" src=\"https:\/\/maderas-holztechnik.de\/wp-content\/uploads\/2023\/04\/DSCF7338-1-1024x683.jpg\" alt=\"\" class=\"wp-image-1925\" srcset=\"https:\/\/maderas-holztechnik.de\/wp-content\/uploads\/2023\/04\/DSCF7338-1-1024x683.jpg 1024w, https:\/\/maderas-holztechnik.de\/wp-content\/uploads\/2023\/04\/DSCF7338-1-300x200.jpg 300w, https:\/\/maderas-holztechnik.de\/wp-content\/uploads\/2023\/04\/DSCF7338-1-768x512.jpg 768w, https:\/\/maderas-holztechnik.de\/wp-content\/uploads\/2023\/04\/DSCF7338-1-18x12.jpg 18w, https:\/\/maderas-holztechnik.de\/wp-content\/uploads\/2023\/04\/DSCF7338-1.jpg 1185w\" sizes=\"(max-width: 1024px) 100vw, 1024px\" \/><\/a><\/figure>\n\n\n\n<figure class=\"wp-block-image size-large\"><a href=\"https:\/\/maderas-holztechnik.de\/wp-content\/uploads\/2023\/04\/DSCF7427-1.jpg\"><img loading=\"lazy\" decoding=\"async\" width=\"1024\" height=\"683\" data-id=\"1926\" src=\"https:\/\/maderas-holztechnik.de\/wp-content\/uploads\/2023\/04\/DSCF7427-1-1024x683.jpg\" alt=\"\" class=\"wp-image-1926\" srcset=\"https:\/\/maderas-holztechnik.de\/wp-content\/uploads\/2023\/04\/DSCF7427-1-1024x683.jpg 1024w, https:\/\/maderas-holztechnik.de\/wp-content\/uploads\/2023\/04\/DSCF7427-1-300x200.jpg 300w, https:\/\/maderas-holztechnik.de\/wp-content\/uploads\/2023\/04\/DSCF7427-1-768x512.jpg 768w, https:\/\/maderas-holztechnik.de\/wp-content\/uploads\/2023\/04\/DSCF7427-1-18x12.jpg 18w, https:\/\/maderas-holztechnik.de\/wp-content\/uploads\/2023\/04\/DSCF7427-1.jpg 1185w\" sizes=\"(max-width: 1024px) 100vw, 1024px\" \/><\/a><\/figure>\n\n\n\n<figure class=\"wp-block-image size-large\"><a href=\"https:\/\/maderas-holztechnik.de\/wp-content\/uploads\/2023\/04\/DSCF-04.04-189.jpg\"><img loading=\"lazy\" decoding=\"async\" width=\"1024\" height=\"683\" data-id=\"1928\" src=\"https:\/\/maderas-holztechnik.de\/wp-content\/uploads\/2023\/04\/DSCF-04.04-189-1024x683.jpg\" alt=\"\" class=\"wp-image-1928\" srcset=\"https:\/\/maderas-holztechnik.de\/wp-content\/uploads\/2023\/04\/DSCF-04.04-189-1024x683.jpg 1024w, https:\/\/maderas-holztechnik.de\/wp-content\/uploads\/2023\/04\/DSCF-04.04-189-300x200.jpg 300w, https:\/\/maderas-holztechnik.de\/wp-content\/uploads\/2023\/04\/DSCF-04.04-189-768x512.jpg 768w, https:\/\/maderas-holztechnik.de\/wp-content\/uploads\/2023\/04\/DSCF-04.04-189-18x12.jpg 18w, https:\/\/maderas-holztechnik.de\/wp-content\/uploads\/2023\/04\/DSCF-04.04-189.jpg 1140w\" sizes=\"(max-width: 1024px) 100vw, 1024px\" \/><\/a><\/figure>\n<\/figure>\n\n\n\n<p><\/p>","protected":false},"excerpt":{"rendered":"<p>Hochwertiger Stuhlgestelle Ihre Idee hat einen Logenplatz verdient. Die Fertigung hochwertiger Stuhlgestelle ist unsere Dom\u00e4ne. Egal ob klassisch oder modern, ge\u00f6lt oder lackiert, Eiche oder Nussbaum: Wir setzen Ihr Design exakt nach Ihren W\u00fcnschen um.&nbsp; Ihre Vorteile: Impressionen<\/p>","protected":false},"author":1,"featured_media":0,"parent":481,"menu_order":1,"comment_status":"closed","ping_status":"closed","template":"","meta":{"_acf_changed":false,"footnotes":""},"funktion":[18],"class_list":["post-883","page","type-page","status-publish","hentry","funktion-mit-slider"],"acf":[],"_links":{"self":[{"href":"https:\/\/maderas-holztechnik.de\/en\/wp-json\/wp\/v2\/pages\/883","targetHints":{"allow":["GET"]}}],"collection":[{"href":"https:\/\/maderas-holztechnik.de\/en\/wp-json\/wp\/v2\/pages"}],"about":[{"href":"https:\/\/maderas-holztechnik.de\/en\/wp-json\/wp\/v2\/types\/page"}],"author":[{"embeddable":true,"href":"https:\/\/maderas-holztechnik.de\/en\/wp-json\/wp\/v2\/users\/1"}],"replies":[{"embeddable":true,"href":"https:\/\/maderas-holztechnik.de\/en\/wp-json\/wp\/v2\/comments?post=883"}],"version-history":[{"count":0,"href":"https:\/\/maderas-holztechnik.de\/en\/wp-json\/wp\/v2\/pages\/883\/revisions"}],"up":[{"embeddable":true,"href":"https:\/\/maderas-holztechnik.de\/en\/wp-json\/wp\/v2\/pages\/481"}],"wp:attachment":[{"href":"https:\/\/maderas-holztechnik.de\/en\/wp-json\/wp\/v2\/media?parent=883"}],"wp:term":[{"taxonomy":"funktion","embeddable":true,"href":"https:\/\/maderas-holztechnik.de\/en\/wp-json\/wp\/v2\/funktion?post=883"}],"curies":[{"name":"wp","href":"https:\/\/api.w.org\/{rel}","templated":true}]}}