{"id":885,"date":"2023-01-24T11:07:32","date_gmt":"2023-01-24T10:07:32","guid":{"rendered":"https:\/\/maderas-holztechnik.de\/?page_id=885"},"modified":"2023-04-19T09:33:14","modified_gmt":"2023-04-19T07:33:14","slug":"tische","status":"publish","type":"page","link":"https:\/\/maderas-holztechnik.de\/en\/ueber-uns\/unsere-kompetenzen\/tische\/","title":{"rendered":"Tables"},"content":{"rendered":"<h2 class=\"wp-block-heading\">High quality solid wood table<\/h2>\n\n\n\n<div class=\"wp-block-columns is-layout-flex wp-container-core-columns-is-layout-28f84493 wp-block-columns-is-layout-flex\">\n<div class=\"wp-block-column is-layout-flow wp-block-column-is-layout-flow\">\n<p>Not just any table. We will competently implement your table design to produce a high-quality solid wood table for indoors or outdoors. You can individually select the type of wood and surface finish.&nbsp;<\/p>\n\n\n\n<div style=\"height:40px\" aria-hidden=\"true\" class=\"wp-block-spacer\"><\/div>\n\n\n\n<div class=\"wp-block-buttons is-layout-flex wp-block-buttons-is-layout-flex\">\n<div class=\"wp-block-button\"><a class=\"wp-block-button__link wp-element-button\" href=\"https:\/\/maderas-holztechnik.de\/en\/ueber-uns\/\">Get to know us<\/a><\/div>\n\n\n\n<div class=\"wp-block-button\"><a class=\"wp-block-button__link wp-element-button\" href=\"https:\/\/maderas-holztechnik.de\/en\/kontakt\/\">Contact form<\/a><\/div>\n<\/div>\n<\/div>\n\n\n\n<div class=\"wp-block-column is-layout-flow wp-block-column-is-layout-flow\">\n<h5 class=\"wp-block-heading\">What we offer you<\/h5>\n\n\n\n<ul class=\"wp-block-list\">\n<li>Small quantities or large series<\/li>\n\n\n\n<li>Top-quality wood<\/li>\n\n\n\n<li>Varied selection of wood types<\/li>\n\n\n\n<li>Uniform wood moisture content<\/li>\n\n\n\n<li>State-of-the-art machinery<\/li>\n\n\n\n<li>Short production and set-up times<\/li>\n\n\n\n<li>Wide range of small parts made of solid wood<\/li>\n<\/ul>\n<\/div>\n<\/div>\n\n\n\n<div style=\"height:100px\" aria-hidden=\"true\" class=\"wp-block-spacer\"><\/div>\n\n\n\n<h3 class=\"wp-block-heading\">Impressions<\/h3>\n\n\n\n<div style=\"height:20px\" aria-hidden=\"true\" class=\"wp-block-spacer\"><\/div>\n\n\n\n<figure class=\"wp-block-gallery has-nested-images columns-default is-cropped wp-block-gallery-1 is-layout-flex wp-block-gallery-is-layout-flex\">\n<figure class=\"wp-block-image size-large\"><a href=\"https:\/\/maderas-holztechnik.de\/wp-content\/uploads\/2023\/04\/DSCF-04.04-250.jpg\"><img fetchpriority=\"high\" decoding=\"async\" width=\"1024\" height=\"683\" data-id=\"1938\" src=\"https:\/\/maderas-holztechnik.de\/wp-content\/uploads\/2023\/04\/DSCF-04.04-250-1024x683.jpg\" alt=\"\" class=\"wp-image-1938\" srcset=\"https:\/\/maderas-holztechnik.de\/wp-content\/uploads\/2023\/04\/DSCF-04.04-250-1024x683.jpg 1024w, https:\/\/maderas-holztechnik.de\/wp-content\/uploads\/2023\/04\/DSCF-04.04-250-300x200.jpg 300w, https:\/\/maderas-holztechnik.de\/wp-content\/uploads\/2023\/04\/DSCF-04.04-250-768x512.jpg 768w, https:\/\/maderas-holztechnik.de\/wp-content\/uploads\/2023\/04\/DSCF-04.04-250-18x12.jpg 18w, https:\/\/maderas-holztechnik.de\/wp-content\/uploads\/2023\/04\/DSCF-04.04-250.jpg 1140w\" sizes=\"(max-width: 1024px) 100vw, 1024px\" \/><\/a><\/figure>\n\n\n\n<figure class=\"wp-block-image size-large\"><a href=\"https:\/\/maderas-holztechnik.de\/wp-content\/uploads\/2023\/04\/DSCF9538.jpg\"><img decoding=\"async\" width=\"1024\" height=\"682\" data-id=\"1931\" src=\"https:\/\/maderas-holztechnik.de\/wp-content\/uploads\/2023\/04\/DSCF9538-1024x682.jpg\" alt=\"\" class=\"wp-image-1931\" srcset=\"https:\/\/maderas-holztechnik.de\/wp-content\/uploads\/2023\/04\/DSCF9538-1024x682.jpg 1024w, https:\/\/maderas-holztechnik.de\/wp-content\/uploads\/2023\/04\/DSCF9538-300x200.jpg 300w, https:\/\/maderas-holztechnik.de\/wp-content\/uploads\/2023\/04\/DSCF9538-768x512.jpg 768w, https:\/\/maderas-holztechnik.de\/wp-content\/uploads\/2023\/04\/DSCF9538-18x12.jpg 18w, https:\/\/maderas-holztechnik.de\/wp-content\/uploads\/2023\/04\/DSCF9538.jpg 1123w\" sizes=\"(max-width: 1024px) 100vw, 1024px\" \/><\/a><\/figure>\n\n\n\n<figure class=\"wp-block-image size-large\"><a href=\"https:\/\/maderas-holztechnik.de\/wp-content\/uploads\/2023\/03\/2017_7-400x284-1.jpg\"><img decoding=\"async\" width=\"400\" height=\"284\" data-id=\"1504\" src=\"https:\/\/maderas-holztechnik.de\/wp-content\/uploads\/2023\/03\/2017_7-400x284-1.jpg\" alt=\"\" class=\"wp-image-1504\" srcset=\"https:\/\/maderas-holztechnik.de\/wp-content\/uploads\/2023\/03\/2017_7-400x284-1.jpg 400w, https:\/\/maderas-holztechnik.de\/wp-content\/uploads\/2023\/03\/2017_7-400x284-1-300x213.jpg 300w, https:\/\/maderas-holztechnik.de\/wp-content\/uploads\/2023\/03\/2017_7-400x284-1-18x12.jpg 18w\" sizes=\"(max-width: 400px) 100vw, 400px\" \/><\/a><\/figure>\n\n\n\n<figure class=\"wp-block-image size-large\"><a href=\"https:\/\/maderas-holztechnik.de\/wp-content\/uploads\/2023\/03\/2019-01-Leistungen-Inhalt-0337-1920x60px.jpg\"><img loading=\"lazy\" decoding=\"async\" width=\"1000\" height=\"667\" data-id=\"1507\" src=\"https:\/\/maderas-holztechnik.de\/wp-content\/uploads\/2023\/03\/2019-01-Leistungen-Inhalt-0337-1920x60px.jpg\" alt=\"\" class=\"wp-image-1507\" srcset=\"https:\/\/maderas-holztechnik.de\/wp-content\/uploads\/2023\/03\/2019-01-Leistungen-Inhalt-0337-1920x60px.jpg 1000w, https:\/\/maderas-holztechnik.de\/wp-content\/uploads\/2023\/03\/2019-01-Leistungen-Inhalt-0337-1920x60px-300x200.jpg 300w, https:\/\/maderas-holztechnik.de\/wp-content\/uploads\/2023\/03\/2019-01-Leistungen-Inhalt-0337-1920x60px-768x512.jpg 768w, https:\/\/maderas-holztechnik.de\/wp-content\/uploads\/2023\/03\/2019-01-Leistungen-Inhalt-0337-1920x60px-18x12.jpg 18w\" sizes=\"(max-width: 1000px) 100vw, 1000px\" \/><\/a><\/figure>\n\n\n\n<figure class=\"wp-block-image size-large\"><a href=\"https:\/\/maderas-holztechnik.de\/wp-content\/uploads\/2023\/03\/2019-02-Tische.jpg\"><img loading=\"lazy\" decoding=\"async\" width=\"560\" height=\"700\" data-id=\"1505\" src=\"https:\/\/maderas-holztechnik.de\/wp-content\/uploads\/2023\/03\/2019-02-Tische.jpg\" alt=\"\" class=\"wp-image-1505\" srcset=\"https:\/\/maderas-holztechnik.de\/wp-content\/uploads\/2023\/03\/2019-02-Tische.jpg 560w, https:\/\/maderas-holztechnik.de\/wp-content\/uploads\/2023\/03\/2019-02-Tische-240x300.jpg 240w, https:\/\/maderas-holztechnik.de\/wp-content\/uploads\/2023\/03\/2019-02-Tische-10x12.jpg 10w\" sizes=\"(max-width: 560px) 100vw, 560px\" \/><\/a><\/figure>\n\n\n\n<figure class=\"wp-block-image size-large\"><a href=\"https:\/\/maderas-holztechnik.de\/wp-content\/uploads\/2023\/03\/produkte_tische_1_gr.jpg\"><img loading=\"lazy\" decoding=\"async\" width=\"700\" height=\"467\" data-id=\"1506\" src=\"https:\/\/maderas-holztechnik.de\/wp-content\/uploads\/2023\/03\/produkte_tische_1_gr.jpg\" alt=\"\" class=\"wp-image-1506\" srcset=\"https:\/\/maderas-holztechnik.de\/wp-content\/uploads\/2023\/03\/produkte_tische_1_gr.jpg 700w, https:\/\/maderas-holztechnik.de\/wp-content\/uploads\/2023\/03\/produkte_tische_1_gr-300x200.jpg 300w, https:\/\/maderas-holztechnik.de\/wp-content\/uploads\/2023\/03\/produkte_tische_1_gr-18x12.jpg 18w\" sizes=\"(max-width: 700px) 100vw, 700px\" \/><\/a><\/figure>\n\n\n\n<figure class=\"wp-block-image size-large\"><a href=\"https:\/\/maderas-holztechnik.de\/wp-content\/uploads\/2023\/04\/DSCF0034.jpg\"><img loading=\"lazy\" decoding=\"async\" width=\"1024\" height=\"683\" data-id=\"1939\" src=\"https:\/\/maderas-holztechnik.de\/wp-content\/uploads\/2023\/04\/DSCF0034-1024x683.jpg\" alt=\"\" class=\"wp-image-1939\" srcset=\"https:\/\/maderas-holztechnik.de\/wp-content\/uploads\/2023\/04\/DSCF0034-1024x683.jpg 1024w, https:\/\/maderas-holztechnik.de\/wp-content\/uploads\/2023\/04\/DSCF0034-300x200.jpg 300w, https:\/\/maderas-holztechnik.de\/wp-content\/uploads\/2023\/04\/DSCF0034-768x512.jpg 768w, https:\/\/maderas-holztechnik.de\/wp-content\/uploads\/2023\/04\/DSCF0034-18x12.jpg 18w, https:\/\/maderas-holztechnik.de\/wp-content\/uploads\/2023\/04\/DSCF0034.jpg 1080w\" sizes=\"(max-width: 1024px) 100vw, 1024px\" \/><\/a><\/figure>\n\n\n\n<figure class=\"wp-block-image size-large\"><a href=\"https:\/\/maderas-holztechnik.de\/wp-content\/uploads\/2023\/03\/produkte_tische_2_gr.jpg\"><img loading=\"lazy\" decoding=\"async\" width=\"700\" height=\"467\" data-id=\"1510\" src=\"https:\/\/maderas-holztechnik.de\/wp-content\/uploads\/2023\/03\/produkte_tische_2_gr.jpg\" alt=\"\" class=\"wp-image-1510\" srcset=\"https:\/\/maderas-holztechnik.de\/wp-content\/uploads\/2023\/03\/produkte_tische_2_gr.jpg 700w, https:\/\/maderas-holztechnik.de\/wp-content\/uploads\/2023\/03\/produkte_tische_2_gr-300x200.jpg 300w, https:\/\/maderas-holztechnik.de\/wp-content\/uploads\/2023\/03\/produkte_tische_2_gr-18x12.jpg 18w\" sizes=\"(max-width: 700px) 100vw, 700px\" \/><\/a><\/figure>\n\n\n\n<figure class=\"wp-block-image size-large\"><a href=\"https:\/\/maderas-holztechnik.de\/wp-content\/uploads\/2023\/03\/produkte_tische_3_gr.jpg\"><img loading=\"lazy\" decoding=\"async\" width=\"700\" height=\"467\" data-id=\"1509\" src=\"https:\/\/maderas-holztechnik.de\/wp-content\/uploads\/2023\/03\/produkte_tische_3_gr.jpg\" alt=\"\" class=\"wp-image-1509\" srcset=\"https:\/\/maderas-holztechnik.de\/wp-content\/uploads\/2023\/03\/produkte_tische_3_gr.jpg 700w, https:\/\/maderas-holztechnik.de\/wp-content\/uploads\/2023\/03\/produkte_tische_3_gr-300x200.jpg 300w, https:\/\/maderas-holztechnik.de\/wp-content\/uploads\/2023\/03\/produkte_tische_3_gr-18x12.jpg 18w\" sizes=\"(max-width: 700px) 100vw, 700px\" \/><\/a><\/figure>\n\n\n\n<figure class=\"wp-block-image size-large\"><a href=\"https:\/\/maderas-holztechnik.de\/wp-content\/uploads\/2023\/04\/DSCF-04.04-165.jpg\"><img loading=\"lazy\" decoding=\"async\" width=\"1024\" height=\"683\" data-id=\"1930\" src=\"https:\/\/maderas-holztechnik.de\/wp-content\/uploads\/2023\/04\/DSCF-04.04-165-1024x683.jpg\" alt=\"\" class=\"wp-image-1930\" srcset=\"https:\/\/maderas-holztechnik.de\/wp-content\/uploads\/2023\/04\/DSCF-04.04-165-1024x683.jpg 1024w, https:\/\/maderas-holztechnik.de\/wp-content\/uploads\/2023\/04\/DSCF-04.04-165-300x200.jpg 300w, https:\/\/maderas-holztechnik.de\/wp-content\/uploads\/2023\/04\/DSCF-04.04-165-768x512.jpg 768w, https:\/\/maderas-holztechnik.de\/wp-content\/uploads\/2023\/04\/DSCF-04.04-165-18x12.jpg 18w, https:\/\/maderas-holztechnik.de\/wp-content\/uploads\/2023\/04\/DSCF-04.04-165.jpg 1140w\" sizes=\"(max-width: 1024px) 100vw, 1024px\" \/><\/a><\/figure>\n\n\n\n<figure class=\"wp-block-image size-large\"><a href=\"https:\/\/maderas-holztechnik.de\/wp-content\/uploads\/2023\/04\/DSCF-04.04-161.jpg\"><img loading=\"lazy\" decoding=\"async\" width=\"1024\" height=\"683\" data-id=\"1935\" src=\"https:\/\/maderas-holztechnik.de\/wp-content\/uploads\/2023\/04\/DSCF-04.04-161-1024x683.jpg\" alt=\"\" class=\"wp-image-1935\" srcset=\"https:\/\/maderas-holztechnik.de\/wp-content\/uploads\/2023\/04\/DSCF-04.04-161-1024x683.jpg 1024w, https:\/\/maderas-holztechnik.de\/wp-content\/uploads\/2023\/04\/DSCF-04.04-161-300x200.jpg 300w, https:\/\/maderas-holztechnik.de\/wp-content\/uploads\/2023\/04\/DSCF-04.04-161-768x512.jpg 768w, https:\/\/maderas-holztechnik.de\/wp-content\/uploads\/2023\/04\/DSCF-04.04-161-18x12.jpg 18w, https:\/\/maderas-holztechnik.de\/wp-content\/uploads\/2023\/04\/DSCF-04.04-161.jpg 1140w\" sizes=\"(max-width: 1024px) 100vw, 1024px\" \/><\/a><\/figure>\n\n\n\n<figure class=\"wp-block-image size-large\"><a href=\"https:\/\/maderas-holztechnik.de\/wp-content\/uploads\/2023\/04\/DSCF9691.jpg\"><img loading=\"lazy\" decoding=\"async\" width=\"1024\" height=\"682\" data-id=\"1932\" src=\"https:\/\/maderas-holztechnik.de\/wp-content\/uploads\/2023\/04\/DSCF9691-1024x682.jpg\" alt=\"\" class=\"wp-image-1932\" srcset=\"https:\/\/maderas-holztechnik.de\/wp-content\/uploads\/2023\/04\/DSCF9691-1024x682.jpg 1024w, https:\/\/maderas-holztechnik.de\/wp-content\/uploads\/2023\/04\/DSCF9691-300x200.jpg 300w, https:\/\/maderas-holztechnik.de\/wp-content\/uploads\/2023\/04\/DSCF9691-768x512.jpg 768w, https:\/\/maderas-holztechnik.de\/wp-content\/uploads\/2023\/04\/DSCF9691-18x12.jpg 18w, https:\/\/maderas-holztechnik.de\/wp-content\/uploads\/2023\/04\/DSCF9691.jpg 1123w\" sizes=\"(max-width: 1024px) 100vw, 1024px\" \/><\/a><\/figure>\n\n\n\n<figure class=\"wp-block-image size-large\"><a href=\"https:\/\/maderas-holztechnik.de\/wp-content\/uploads\/2023\/04\/DSCF-04.04-190.jpg\"><img loading=\"lazy\" decoding=\"async\" width=\"1024\" height=\"683\" data-id=\"1937\" src=\"https:\/\/maderas-holztechnik.de\/wp-content\/uploads\/2023\/04\/DSCF-04.04-190-1024x683.jpg\" alt=\"\" class=\"wp-image-1937\" srcset=\"https:\/\/maderas-holztechnik.de\/wp-content\/uploads\/2023\/04\/DSCF-04.04-190-1024x683.jpg 1024w, https:\/\/maderas-holztechnik.de\/wp-content\/uploads\/2023\/04\/DSCF-04.04-190-300x200.jpg 300w, https:\/\/maderas-holztechnik.de\/wp-content\/uploads\/2023\/04\/DSCF-04.04-190-768x512.jpg 768w, https:\/\/maderas-holztechnik.de\/wp-content\/uploads\/2023\/04\/DSCF-04.04-190-18x12.jpg 18w, https:\/\/maderas-holztechnik.de\/wp-content\/uploads\/2023\/04\/DSCF-04.04-190.jpg 1140w\" sizes=\"(max-width: 1024px) 100vw, 1024px\" \/><\/a><\/figure>\n\n\n\n<figure class=\"wp-block-image size-large\"><a href=\"https:\/\/maderas-holztechnik.de\/wp-content\/uploads\/2023\/04\/DSCF9694.jpg\"><img loading=\"lazy\" decoding=\"async\" width=\"1024\" height=\"682\" data-id=\"1933\" src=\"https:\/\/maderas-holztechnik.de\/wp-content\/uploads\/2023\/04\/DSCF9694-1024x682.jpg\" alt=\"\" class=\"wp-image-1933\" srcset=\"https:\/\/maderas-holztechnik.de\/wp-content\/uploads\/2023\/04\/DSCF9694-1024x682.jpg 1024w, https:\/\/maderas-holztechnik.de\/wp-content\/uploads\/2023\/04\/DSCF9694-300x200.jpg 300w, https:\/\/maderas-holztechnik.de\/wp-content\/uploads\/2023\/04\/DSCF9694-768x512.jpg 768w, https:\/\/maderas-holztechnik.de\/wp-content\/uploads\/2023\/04\/DSCF9694-18x12.jpg 18w, https:\/\/maderas-holztechnik.de\/wp-content\/uploads\/2023\/04\/DSCF9694.jpg 1123w\" sizes=\"(max-width: 1024px) 100vw, 1024px\" \/><\/a><\/figure>\n\n\n\n<figure class=\"wp-block-image size-large\"><a href=\"https:\/\/maderas-holztechnik.de\/wp-content\/uploads\/2023\/04\/DSCF0047.jpg\"><img loading=\"lazy\" decoding=\"async\" width=\"1024\" height=\"683\" data-id=\"1940\" src=\"https:\/\/maderas-holztechnik.de\/wp-content\/uploads\/2023\/04\/DSCF0047-1024x683.jpg\" alt=\"\" class=\"wp-image-1940\" srcset=\"https:\/\/maderas-holztechnik.de\/wp-content\/uploads\/2023\/04\/DSCF0047-1024x683.jpg 1024w, https:\/\/maderas-holztechnik.de\/wp-content\/uploads\/2023\/04\/DSCF0047-300x200.jpg 300w, https:\/\/maderas-holztechnik.de\/wp-content\/uploads\/2023\/04\/DSCF0047-768x512.jpg 768w, https:\/\/maderas-holztechnik.de\/wp-content\/uploads\/2023\/04\/DSCF0047-18x12.jpg 18w, https:\/\/maderas-holztechnik.de\/wp-content\/uploads\/2023\/04\/DSCF0047.jpg 1080w\" sizes=\"(max-width: 1024px) 100vw, 1024px\" \/><\/a><\/figure>\n\n\n\n<figure class=\"wp-block-image size-large\"><a href=\"https:\/\/maderas-holztechnik.de\/wp-content\/uploads\/2023\/03\/29.jpg\"><img loading=\"lazy\" decoding=\"async\" width=\"555\" height=\"370\" data-id=\"1508\" src=\"https:\/\/maderas-holztechnik.de\/wp-content\/uploads\/2023\/03\/29.jpg\" alt=\"\" class=\"wp-image-1508\" srcset=\"https:\/\/maderas-holztechnik.de\/wp-content\/uploads\/2023\/03\/29.jpg 555w, https:\/\/maderas-holztechnik.de\/wp-content\/uploads\/2023\/03\/29-300x200.jpg 300w, https:\/\/maderas-holztechnik.de\/wp-content\/uploads\/2023\/03\/29-18x12.jpg 18w\" sizes=\"(max-width: 555px) 100vw, 555px\" \/><\/a><\/figure>\n\n\n\n<figure class=\"wp-block-image size-large\"><a href=\"https:\/\/maderas-holztechnik.de\/wp-content\/uploads\/2023\/04\/DSCF9709.jpg\"><img loading=\"lazy\" decoding=\"async\" width=\"682\" height=\"1024\" data-id=\"1934\" src=\"https:\/\/maderas-holztechnik.de\/wp-content\/uploads\/2023\/04\/DSCF9709-682x1024.jpg\" alt=\"\" class=\"wp-image-1934\" srcset=\"https:\/\/maderas-holztechnik.de\/wp-content\/uploads\/2023\/04\/DSCF9709-682x1024.jpg 682w, https:\/\/maderas-holztechnik.de\/wp-content\/uploads\/2023\/04\/DSCF9709-200x300.jpg 200w, https:\/\/maderas-holztechnik.de\/wp-content\/uploads\/2023\/04\/DSCF9709-8x12.jpg 8w, https:\/\/maderas-holztechnik.de\/wp-content\/uploads\/2023\/04\/DSCF9709.jpg 748w\" sizes=\"(max-width: 682px) 100vw, 682px\" \/><\/a><\/figure>\n\n\n\n<figure class=\"wp-block-image size-large\"><a href=\"https:\/\/maderas-holztechnik.de\/wp-content\/uploads\/2023\/04\/DSCF-04.04-163.jpg\"><img loading=\"lazy\" decoding=\"async\" width=\"1024\" height=\"683\" data-id=\"1936\" src=\"https:\/\/maderas-holztechnik.de\/wp-content\/uploads\/2023\/04\/DSCF-04.04-163-1024x683.jpg\" alt=\"\" class=\"wp-image-1936\" srcset=\"https:\/\/maderas-holztechnik.de\/wp-content\/uploads\/2023\/04\/DSCF-04.04-163-1024x683.jpg 1024w, https:\/\/maderas-holztechnik.de\/wp-content\/uploads\/2023\/04\/DSCF-04.04-163-300x200.jpg 300w, https:\/\/maderas-holztechnik.de\/wp-content\/uploads\/2023\/04\/DSCF-04.04-163-768x512.jpg 768w, https:\/\/maderas-holztechnik.de\/wp-content\/uploads\/2023\/04\/DSCF-04.04-163-18x12.jpg 18w, https:\/\/maderas-holztechnik.de\/wp-content\/uploads\/2023\/04\/DSCF-04.04-163.jpg 1140w\" sizes=\"(max-width: 1024px) 100vw, 1024px\" \/><\/a><\/figure>\n\n\n\n<figure class=\"wp-block-image size-large\"><a href=\"https:\/\/maderas-holztechnik.de\/wp-content\/uploads\/2023\/04\/DSCF0052.jpg\"><img loading=\"lazy\" decoding=\"async\" width=\"960\" height=\"640\" data-id=\"1941\" src=\"https:\/\/maderas-holztechnik.de\/wp-content\/uploads\/2023\/04\/DSCF0052.jpg\" alt=\"\" class=\"wp-image-1941\" srcset=\"https:\/\/maderas-holztechnik.de\/wp-content\/uploads\/2023\/04\/DSCF0052.jpg 960w, https:\/\/maderas-holztechnik.de\/wp-content\/uploads\/2023\/04\/DSCF0052-300x200.jpg 300w, https:\/\/maderas-holztechnik.de\/wp-content\/uploads\/2023\/04\/DSCF0052-768x512.jpg 768w, https:\/\/maderas-holztechnik.de\/wp-content\/uploads\/2023\/04\/DSCF0052-18x12.jpg 18w\" sizes=\"(max-width: 960px) 100vw, 960px\" \/><\/a><\/figure>\n<\/figure>","protected":false},"excerpt":{"rendered":"<p>Hochwertige Massivholztisch Kein Tisch wie jeder andere. Wir fertigen Ihr Tischdesign kompetent als hochwertigen Massivholztisch f\u00fcr drinnen oder drau\u00dfen. Die Holzart sowie die Veredlung der Oberfl\u00e4che k\u00f6nnen Sie individuell ausw\u00e4hlen.&nbsp; Ihre Vorteile: Impressionen<\/p>","protected":false},"author":1,"featured_media":0,"parent":481,"menu_order":2,"comment_status":"closed","ping_status":"closed","template":"","meta":{"_acf_changed":false,"footnotes":""},"funktion":[18],"class_list":["post-885","page","type-page","status-publish","hentry","funktion-mit-slider"],"acf":[],"_links":{"self":[{"href":"https:\/\/maderas-holztechnik.de\/en\/wp-json\/wp\/v2\/pages\/885","targetHints":{"allow":["GET"]}}],"collection":[{"href":"https:\/\/maderas-holztechnik.de\/en\/wp-json\/wp\/v2\/pages"}],"about":[{"href":"https:\/\/maderas-holztechnik.de\/en\/wp-json\/wp\/v2\/types\/page"}],"author":[{"embeddable":true,"href":"https:\/\/maderas-holztechnik.de\/en\/wp-json\/wp\/v2\/users\/1"}],"replies":[{"embeddable":true,"href":"https:\/\/maderas-holztechnik.de\/en\/wp-json\/wp\/v2\/comments?post=885"}],"version-history":[{"count":0,"href":"https:\/\/maderas-holztechnik.de\/en\/wp-json\/wp\/v2\/pages\/885\/revisions"}],"up":[{"embeddable":true,"href":"https:\/\/maderas-holztechnik.de\/en\/wp-json\/wp\/v2\/pages\/481"}],"wp:attachment":[{"href":"https:\/\/maderas-holztechnik.de\/en\/wp-json\/wp\/v2\/media?parent=885"}],"wp:term":[{"taxonomy":"funktion","embeddable":true,"href":"https:\/\/maderas-holztechnik.de\/en\/wp-json\/wp\/v2\/funktion?post=885"}],"curies":[{"name":"wp","href":"https:\/\/api.w.org\/{rel}","templated":true}]}}