{"id":887,"date":"2023-01-24T11:07:51","date_gmt":"2023-01-24T10:07:51","guid":{"rendered":"https:\/\/maderas-holztechnik.de\/?page_id=887"},"modified":"2023-04-19T09:43:30","modified_gmt":"2023-04-19T07:43:30","slug":"kleinteile","status":"publish","type":"page","link":"https:\/\/maderas-holztechnik.de\/en\/ueber-uns\/unsere-kompetenzen\/kleinteile\/","title":{"rendered":"Small Parts"},"content":{"rendered":"<h2 class=\"wp-block-heading\">Small parts, important role.<\/h2>\n\n\n\n<div class=\"wp-block-columns is-layout-flex wp-container-core-columns-is-layout-28f84493 wp-block-columns-is-layout-flex\">\n<div class=\"wp-block-column is-layout-flow wp-block-column-is-layout-flow\">\n<p>With us, you can order exactly the small furniture parts you need: milled parts, moulded parts, fillet parts, furniture feet, bedposts, table legs, door frames, slats, armrests, etc.<\/p>\n\n\n\n<div style=\"height:40px\" aria-hidden=\"true\" class=\"wp-block-spacer\"><\/div>\n\n\n\n<div class=\"wp-block-buttons is-layout-flex wp-block-buttons-is-layout-flex\">\n<div class=\"wp-block-button\"><a class=\"wp-block-button__link wp-element-button\" href=\"https:\/\/maderas-holztechnik.de\/en\/ueber-uns\/\">Get to know us<\/a><\/div>\n\n\n\n<div class=\"wp-block-button\"><a class=\"wp-block-button__link wp-element-button\" href=\"https:\/\/maderas-holztechnik.de\/en\/kontakt\/\">Contact form<\/a><\/div>\n<\/div>\n<\/div>\n\n\n\n<div class=\"wp-block-column is-layout-flow wp-block-column-is-layout-flow\">\n<h5 class=\"wp-block-heading\">What we offer you<\/h5>\n\n\n\n<ul class=\"wp-block-list\">\n<li>Small quantities or large series<\/li>\n\n\n\n<li>Top-quality wood<\/li>\n\n\n\n<li>Varied selection of wood types<\/li>\n\n\n\n<li>Uniform wood moisture content<\/li>\n\n\n\n<li>State-of-the-art machinery<\/li>\n\n\n\n<li>Short production and set-up times<\/li>\n\n\n\n<li>Wide range of small parts made of solid wood<\/li>\n<\/ul>\n<\/div>\n<\/div>\n\n\n\n<div style=\"height:100px\" aria-hidden=\"true\" class=\"wp-block-spacer\"><\/div>\n\n\n\n<h3 class=\"wp-block-heading\">Impressions<\/h3>\n\n\n\n<div style=\"height:20px\" aria-hidden=\"true\" class=\"wp-block-spacer\"><\/div>\n\n\n\n<figure class=\"wp-block-gallery has-nested-images columns-default is-cropped wp-block-gallery-1 is-layout-flex wp-block-gallery-is-layout-flex\">\n<figure class=\"wp-block-image size-large\"><a href=\"https:\/\/maderas-holztechnik.de\/wp-content\/uploads\/2023\/04\/DSCF-04.04-222.jpg\"><img fetchpriority=\"high\" decoding=\"async\" width=\"1024\" height=\"683\" data-id=\"1949\" src=\"https:\/\/maderas-holztechnik.de\/wp-content\/uploads\/2023\/04\/DSCF-04.04-222-1024x683.jpg\" alt=\"\" class=\"wp-image-1949\" srcset=\"https:\/\/maderas-holztechnik.de\/wp-content\/uploads\/2023\/04\/DSCF-04.04-222-1024x683.jpg 1024w, https:\/\/maderas-holztechnik.de\/wp-content\/uploads\/2023\/04\/DSCF-04.04-222-300x200.jpg 300w, https:\/\/maderas-holztechnik.de\/wp-content\/uploads\/2023\/04\/DSCF-04.04-222-768x512.jpg 768w, https:\/\/maderas-holztechnik.de\/wp-content\/uploads\/2023\/04\/DSCF-04.04-222-18x12.jpg 18w, https:\/\/maderas-holztechnik.de\/wp-content\/uploads\/2023\/04\/DSCF-04.04-222.jpg 1140w\" sizes=\"(max-width: 1024px) 100vw, 1024px\" \/><\/a><\/figure>\n\n\n\n<figure class=\"wp-block-image size-large\"><a href=\"https:\/\/maderas-holztechnik.de\/wp-content\/uploads\/2023\/04\/DSCF7343-1.jpg\"><img decoding=\"async\" width=\"1024\" height=\"683\" data-id=\"1950\" src=\"https:\/\/maderas-holztechnik.de\/wp-content\/uploads\/2023\/04\/DSCF7343-1-1024x683.jpg\" alt=\"\" class=\"wp-image-1950\" srcset=\"https:\/\/maderas-holztechnik.de\/wp-content\/uploads\/2023\/04\/DSCF7343-1-1024x683.jpg 1024w, https:\/\/maderas-holztechnik.de\/wp-content\/uploads\/2023\/04\/DSCF7343-1-300x200.jpg 300w, https:\/\/maderas-holztechnik.de\/wp-content\/uploads\/2023\/04\/DSCF7343-1-768x512.jpg 768w, https:\/\/maderas-holztechnik.de\/wp-content\/uploads\/2023\/04\/DSCF7343-1-18x12.jpg 18w, https:\/\/maderas-holztechnik.de\/wp-content\/uploads\/2023\/04\/DSCF7343-1.jpg 1185w\" sizes=\"(max-width: 1024px) 100vw, 1024px\" \/><\/a><\/figure>\n\n\n\n<figure class=\"wp-block-image size-large\"><a href=\"https:\/\/maderas-holztechnik.de\/wp-content\/uploads\/2023\/03\/2017_8-400x284-1.jpg\"><img decoding=\"async\" width=\"400\" height=\"284\" data-id=\"1513\" src=\"https:\/\/maderas-holztechnik.de\/wp-content\/uploads\/2023\/03\/2017_8-400x284-1.jpg\" alt=\"\" class=\"wp-image-1513\" srcset=\"https:\/\/maderas-holztechnik.de\/wp-content\/uploads\/2023\/03\/2017_8-400x284-1.jpg 400w, https:\/\/maderas-holztechnik.de\/wp-content\/uploads\/2023\/03\/2017_8-400x284-1-300x213.jpg 300w, https:\/\/maderas-holztechnik.de\/wp-content\/uploads\/2023\/03\/2017_8-400x284-1-18x12.jpg 18w\" sizes=\"(max-width: 400px) 100vw, 400px\" \/><\/a><\/figure>\n\n\n\n<figure class=\"wp-block-image size-large\"><a href=\"https:\/\/maderas-holztechnik.de\/wp-content\/uploads\/2023\/04\/DSCF-04.04-221.jpg\"><img loading=\"lazy\" decoding=\"async\" width=\"1024\" height=\"683\" data-id=\"1948\" src=\"https:\/\/maderas-holztechnik.de\/wp-content\/uploads\/2023\/04\/DSCF-04.04-221-1024x683.jpg\" alt=\"\" class=\"wp-image-1948\" srcset=\"https:\/\/maderas-holztechnik.de\/wp-content\/uploads\/2023\/04\/DSCF-04.04-221-1024x683.jpg 1024w, https:\/\/maderas-holztechnik.de\/wp-content\/uploads\/2023\/04\/DSCF-04.04-221-300x200.jpg 300w, https:\/\/maderas-holztechnik.de\/wp-content\/uploads\/2023\/04\/DSCF-04.04-221-768x512.jpg 768w, https:\/\/maderas-holztechnik.de\/wp-content\/uploads\/2023\/04\/DSCF-04.04-221-18x12.jpg 18w, https:\/\/maderas-holztechnik.de\/wp-content\/uploads\/2023\/04\/DSCF-04.04-221.jpg 1140w\" sizes=\"(max-width: 1024px) 100vw, 1024px\" \/><\/a><\/figure>\n\n\n\n<figure class=\"wp-block-image size-large\"><a href=\"https:\/\/maderas-holztechnik.de\/wp-content\/uploads\/2023\/03\/2017_9-400x284-2.jpg\"><img loading=\"lazy\" decoding=\"async\" width=\"400\" height=\"284\" data-id=\"1514\" src=\"https:\/\/maderas-holztechnik.de\/wp-content\/uploads\/2023\/03\/2017_9-400x284-2.jpg\" alt=\"\" class=\"wp-image-1514\" srcset=\"https:\/\/maderas-holztechnik.de\/wp-content\/uploads\/2023\/03\/2017_9-400x284-2.jpg 400w, https:\/\/maderas-holztechnik.de\/wp-content\/uploads\/2023\/03\/2017_9-400x284-2-300x213.jpg 300w, https:\/\/maderas-holztechnik.de\/wp-content\/uploads\/2023\/03\/2017_9-400x284-2-18x12.jpg 18w\" sizes=\"(max-width: 400px) 100vw, 400px\" \/><\/a><\/figure>\n\n\n\n<figure class=\"wp-block-image size-large\"><a href=\"https:\/\/maderas-holztechnik.de\/wp-content\/uploads\/2023\/04\/DSCF9675-scaled.jpg\"><img loading=\"lazy\" decoding=\"async\" width=\"1024\" height=\"683\" data-id=\"1954\" src=\"https:\/\/maderas-holztechnik.de\/wp-content\/uploads\/2023\/04\/DSCF9675-1024x683.jpg\" alt=\"\" class=\"wp-image-1954\" srcset=\"https:\/\/maderas-holztechnik.de\/wp-content\/uploads\/2023\/04\/DSCF9675-1024x683.jpg 1024w, https:\/\/maderas-holztechnik.de\/wp-content\/uploads\/2023\/04\/DSCF9675-300x200.jpg 300w, https:\/\/maderas-holztechnik.de\/wp-content\/uploads\/2023\/04\/DSCF9675-768x512.jpg 768w, https:\/\/maderas-holztechnik.de\/wp-content\/uploads\/2023\/04\/DSCF9675-1536x1024.jpg 1536w, https:\/\/maderas-holztechnik.de\/wp-content\/uploads\/2023\/04\/DSCF9675-2048x1365.jpg 2048w, https:\/\/maderas-holztechnik.de\/wp-content\/uploads\/2023\/04\/DSCF9675-18x12.jpg 18w\" sizes=\"(max-width: 1024px) 100vw, 1024px\" \/><\/a><\/figure>\n\n\n\n<figure class=\"wp-block-image size-large\"><a href=\"https:\/\/maderas-holztechnik.de\/wp-content\/uploads\/2023\/03\/2017_13-1.jpg\"><img loading=\"lazy\" decoding=\"async\" width=\"555\" height=\"370\" data-id=\"1516\" src=\"https:\/\/maderas-holztechnik.de\/wp-content\/uploads\/2023\/03\/2017_13-1.jpg\" alt=\"\" class=\"wp-image-1516\" srcset=\"https:\/\/maderas-holztechnik.de\/wp-content\/uploads\/2023\/03\/2017_13-1.jpg 555w, https:\/\/maderas-holztechnik.de\/wp-content\/uploads\/2023\/03\/2017_13-1-300x200.jpg 300w, https:\/\/maderas-holztechnik.de\/wp-content\/uploads\/2023\/03\/2017_13-1-18x12.jpg 18w\" sizes=\"(max-width: 555px) 100vw, 555px\" \/><\/a><\/figure>\n\n\n\n<figure class=\"wp-block-image size-large\"><a href=\"https:\/\/maderas-holztechnik.de\/wp-content\/uploads\/2023\/03\/2019-02-Kleinteile.jpg\"><img loading=\"lazy\" decoding=\"async\" width=\"560\" height=\"700\" data-id=\"1517\" src=\"https:\/\/maderas-holztechnik.de\/wp-content\/uploads\/2023\/03\/2019-02-Kleinteile.jpg\" alt=\"\" class=\"wp-image-1517\" srcset=\"https:\/\/maderas-holztechnik.de\/wp-content\/uploads\/2023\/03\/2019-02-Kleinteile.jpg 560w, https:\/\/maderas-holztechnik.de\/wp-content\/uploads\/2023\/03\/2019-02-Kleinteile-240x300.jpg 240w, https:\/\/maderas-holztechnik.de\/wp-content\/uploads\/2023\/03\/2019-02-Kleinteile-10x12.jpg 10w\" sizes=\"(max-width: 560px) 100vw, 560px\" \/><\/a><\/figure>\n\n\n\n<figure class=\"wp-block-image size-large\"><a href=\"https:\/\/maderas-holztechnik.de\/wp-content\/uploads\/2023\/04\/DSCF7358-1.jpg\"><img loading=\"lazy\" decoding=\"async\" width=\"1024\" height=\"683\" data-id=\"1951\" src=\"https:\/\/maderas-holztechnik.de\/wp-content\/uploads\/2023\/04\/DSCF7358-1-1024x683.jpg\" alt=\"\" class=\"wp-image-1951\" srcset=\"https:\/\/maderas-holztechnik.de\/wp-content\/uploads\/2023\/04\/DSCF7358-1-1024x683.jpg 1024w, https:\/\/maderas-holztechnik.de\/wp-content\/uploads\/2023\/04\/DSCF7358-1-300x200.jpg 300w, https:\/\/maderas-holztechnik.de\/wp-content\/uploads\/2023\/04\/DSCF7358-1-768x512.jpg 768w, https:\/\/maderas-holztechnik.de\/wp-content\/uploads\/2023\/04\/DSCF7358-1-18x12.jpg 18w, https:\/\/maderas-holztechnik.de\/wp-content\/uploads\/2023\/04\/DSCF7358-1.jpg 1185w\" sizes=\"(max-width: 1024px) 100vw, 1024px\" \/><\/a><\/figure>\n\n\n\n<figure class=\"wp-block-image size-large\"><a href=\"https:\/\/maderas-holztechnik.de\/wp-content\/uploads\/2023\/03\/maderas-impression-01.jpg\"><img loading=\"lazy\" decoding=\"async\" width=\"750\" height=\"750\" data-id=\"1519\" src=\"https:\/\/maderas-holztechnik.de\/wp-content\/uploads\/2023\/03\/maderas-impression-01.jpg\" alt=\"\" class=\"wp-image-1519\" srcset=\"https:\/\/maderas-holztechnik.de\/wp-content\/uploads\/2023\/03\/maderas-impression-01.jpg 750w, https:\/\/maderas-holztechnik.de\/wp-content\/uploads\/2023\/03\/maderas-impression-01-300x300.jpg 300w, https:\/\/maderas-holztechnik.de\/wp-content\/uploads\/2023\/03\/maderas-impression-01-150x150.jpg 150w, https:\/\/maderas-holztechnik.de\/wp-content\/uploads\/2023\/03\/maderas-impression-01-12x12.jpg 12w\" sizes=\"(max-width: 750px) 100vw, 750px\" \/><\/a><\/figure>\n\n\n\n<figure class=\"wp-block-image size-large\"><a href=\"https:\/\/maderas-holztechnik.de\/wp-content\/uploads\/2023\/04\/DSCF9663-scaled.jpg\"><img loading=\"lazy\" decoding=\"async\" width=\"1024\" height=\"683\" data-id=\"1952\" src=\"https:\/\/maderas-holztechnik.de\/wp-content\/uploads\/2023\/04\/DSCF9663-1024x683.jpg\" alt=\"\" class=\"wp-image-1952\" srcset=\"https:\/\/maderas-holztechnik.de\/wp-content\/uploads\/2023\/04\/DSCF9663-1024x683.jpg 1024w, https:\/\/maderas-holztechnik.de\/wp-content\/uploads\/2023\/04\/DSCF9663-300x200.jpg 300w, https:\/\/maderas-holztechnik.de\/wp-content\/uploads\/2023\/04\/DSCF9663-768x512.jpg 768w, https:\/\/maderas-holztechnik.de\/wp-content\/uploads\/2023\/04\/DSCF9663-1536x1024.jpg 1536w, https:\/\/maderas-holztechnik.de\/wp-content\/uploads\/2023\/04\/DSCF9663-2048x1365.jpg 2048w, https:\/\/maderas-holztechnik.de\/wp-content\/uploads\/2023\/04\/DSCF9663-18x12.jpg 18w\" sizes=\"(max-width: 1024px) 100vw, 1024px\" \/><\/a><\/figure>\n\n\n\n<figure class=\"wp-block-image size-large\"><a href=\"https:\/\/maderas-holztechnik.de\/wp-content\/uploads\/2023\/03\/maderas-impression-02.jpg\"><img loading=\"lazy\" decoding=\"async\" width=\"750\" height=\"750\" data-id=\"1518\" src=\"https:\/\/maderas-holztechnik.de\/wp-content\/uploads\/2023\/03\/maderas-impression-02.jpg\" alt=\"\" class=\"wp-image-1518\" srcset=\"https:\/\/maderas-holztechnik.de\/wp-content\/uploads\/2023\/03\/maderas-impression-02.jpg 750w, https:\/\/maderas-holztechnik.de\/wp-content\/uploads\/2023\/03\/maderas-impression-02-300x300.jpg 300w, https:\/\/maderas-holztechnik.de\/wp-content\/uploads\/2023\/03\/maderas-impression-02-150x150.jpg 150w, https:\/\/maderas-holztechnik.de\/wp-content\/uploads\/2023\/03\/maderas-impression-02-12x12.jpg 12w\" sizes=\"(max-width: 750px) 100vw, 750px\" \/><\/a><\/figure>\n\n\n\n<figure class=\"wp-block-image size-large\"><a href=\"https:\/\/maderas-holztechnik.de\/wp-content\/uploads\/2023\/03\/produkte_kleinteile_1_gr.jpg\"><img loading=\"lazy\" decoding=\"async\" width=\"700\" height=\"467\" data-id=\"1520\" src=\"https:\/\/maderas-holztechnik.de\/wp-content\/uploads\/2023\/03\/produkte_kleinteile_1_gr.jpg\" alt=\"\" class=\"wp-image-1520\" srcset=\"https:\/\/maderas-holztechnik.de\/wp-content\/uploads\/2023\/03\/produkte_kleinteile_1_gr.jpg 700w, https:\/\/maderas-holztechnik.de\/wp-content\/uploads\/2023\/03\/produkte_kleinteile_1_gr-300x200.jpg 300w, https:\/\/maderas-holztechnik.de\/wp-content\/uploads\/2023\/03\/produkte_kleinteile_1_gr-18x12.jpg 18w\" sizes=\"(max-width: 700px) 100vw, 700px\" \/><\/a><\/figure>\n\n\n\n<figure class=\"wp-block-image size-large\"><a href=\"https:\/\/maderas-holztechnik.de\/wp-content\/uploads\/2023\/04\/DSCF-04.04-202.jpg\"><img loading=\"lazy\" decoding=\"async\" width=\"1024\" height=\"683\" data-id=\"1947\" src=\"https:\/\/maderas-holztechnik.de\/wp-content\/uploads\/2023\/04\/DSCF-04.04-202-1024x683.jpg\" alt=\"\" class=\"wp-image-1947\" srcset=\"https:\/\/maderas-holztechnik.de\/wp-content\/uploads\/2023\/04\/DSCF-04.04-202-1024x683.jpg 1024w, https:\/\/maderas-holztechnik.de\/wp-content\/uploads\/2023\/04\/DSCF-04.04-202-300x200.jpg 300w, https:\/\/maderas-holztechnik.de\/wp-content\/uploads\/2023\/04\/DSCF-04.04-202-768x512.jpg 768w, https:\/\/maderas-holztechnik.de\/wp-content\/uploads\/2023\/04\/DSCF-04.04-202-18x12.jpg 18w, https:\/\/maderas-holztechnik.de\/wp-content\/uploads\/2023\/04\/DSCF-04.04-202.jpg 1140w\" sizes=\"(max-width: 1024px) 100vw, 1024px\" \/><\/a><\/figure>\n\n\n\n<figure class=\"wp-block-image size-large\"><a href=\"https:\/\/maderas-holztechnik.de\/wp-content\/uploads\/2023\/03\/produkte_kleinteile_3_gr.jpg\"><img loading=\"lazy\" decoding=\"async\" width=\"700\" height=\"467\" data-id=\"1521\" src=\"https:\/\/maderas-holztechnik.de\/wp-content\/uploads\/2023\/03\/produkte_kleinteile_3_gr.jpg\" alt=\"\" class=\"wp-image-1521\" srcset=\"https:\/\/maderas-holztechnik.de\/wp-content\/uploads\/2023\/03\/produkte_kleinteile_3_gr.jpg 700w, https:\/\/maderas-holztechnik.de\/wp-content\/uploads\/2023\/03\/produkte_kleinteile_3_gr-300x200.jpg 300w, https:\/\/maderas-holztechnik.de\/wp-content\/uploads\/2023\/03\/produkte_kleinteile_3_gr-18x12.jpg 18w\" sizes=\"(max-width: 700px) 100vw, 700px\" \/><\/a><\/figure>\n\n\n\n<figure class=\"wp-block-image size-large\"><a href=\"https:\/\/maderas-holztechnik.de\/wp-content\/uploads\/2023\/04\/DSCF9673-scaled.jpg\"><img loading=\"lazy\" decoding=\"async\" width=\"1024\" height=\"683\" data-id=\"1953\" src=\"https:\/\/maderas-holztechnik.de\/wp-content\/uploads\/2023\/04\/DSCF9673-1024x683.jpg\" alt=\"\" class=\"wp-image-1953\" srcset=\"https:\/\/maderas-holztechnik.de\/wp-content\/uploads\/2023\/04\/DSCF9673-1024x683.jpg 1024w, https:\/\/maderas-holztechnik.de\/wp-content\/uploads\/2023\/04\/DSCF9673-300x200.jpg 300w, https:\/\/maderas-holztechnik.de\/wp-content\/uploads\/2023\/04\/DSCF9673-768x512.jpg 768w, https:\/\/maderas-holztechnik.de\/wp-content\/uploads\/2023\/04\/DSCF9673-1536x1024.jpg 1536w, https:\/\/maderas-holztechnik.de\/wp-content\/uploads\/2023\/04\/DSCF9673-2048x1365.jpg 2048w, https:\/\/maderas-holztechnik.de\/wp-content\/uploads\/2023\/04\/DSCF9673-18x12.jpg 18w\" sizes=\"(max-width: 1024px) 100vw, 1024px\" \/><\/a><\/figure>\n\n\n\n<figure class=\"wp-block-image size-large\"><a href=\"https:\/\/maderas-holztechnik.de\/wp-content\/uploads\/2023\/04\/DSCF-04.04-187.jpg\"><img loading=\"lazy\" decoding=\"async\" width=\"1024\" height=\"683\" data-id=\"1955\" src=\"https:\/\/maderas-holztechnik.de\/wp-content\/uploads\/2023\/04\/DSCF-04.04-187-1024x683.jpg\" alt=\"\" class=\"wp-image-1955\" srcset=\"https:\/\/maderas-holztechnik.de\/wp-content\/uploads\/2023\/04\/DSCF-04.04-187-1024x683.jpg 1024w, https:\/\/maderas-holztechnik.de\/wp-content\/uploads\/2023\/04\/DSCF-04.04-187-300x200.jpg 300w, https:\/\/maderas-holztechnik.de\/wp-content\/uploads\/2023\/04\/DSCF-04.04-187-768x512.jpg 768w, https:\/\/maderas-holztechnik.de\/wp-content\/uploads\/2023\/04\/DSCF-04.04-187-18x12.jpg 18w, https:\/\/maderas-holztechnik.de\/wp-content\/uploads\/2023\/04\/DSCF-04.04-187.jpg 1140w\" sizes=\"(max-width: 1024px) 100vw, 1024px\" \/><\/a><\/figure>\n<\/figure>","protected":false},"excerpt":{"rendered":"<p>Kleine Teile, wichtiger Beitrag Bestellen Sie bei uns genau die M\u00f6belbau-Kleinteile, die Sie ben\u00f6tigen: Fr\u00e4steile, Formteile, Kehlteile, M\u00f6belf\u00fc\u00dfe, Stollen, Zargen, Leisten, Armlehnen, Armauflagen. Ihre Vorteile: Impressionen<\/p>","protected":false},"author":1,"featured_media":0,"parent":481,"menu_order":3,"comment_status":"closed","ping_status":"closed","template":"","meta":{"_acf_changed":false,"footnotes":""},"funktion":[18],"class_list":["post-887","page","type-page","status-publish","hentry","funktion-mit-slider"],"acf":[],"_links":{"self":[{"href":"https:\/\/maderas-holztechnik.de\/en\/wp-json\/wp\/v2\/pages\/887","targetHints":{"allow":["GET"]}}],"collection":[{"href":"https:\/\/maderas-holztechnik.de\/en\/wp-json\/wp\/v2\/pages"}],"about":[{"href":"https:\/\/maderas-holztechnik.de\/en\/wp-json\/wp\/v2\/types\/page"}],"author":[{"embeddable":true,"href":"https:\/\/maderas-holztechnik.de\/en\/wp-json\/wp\/v2\/users\/1"}],"replies":[{"embeddable":true,"href":"https:\/\/maderas-holztechnik.de\/en\/wp-json\/wp\/v2\/comments?post=887"}],"version-history":[{"count":0,"href":"https:\/\/maderas-holztechnik.de\/en\/wp-json\/wp\/v2\/pages\/887\/revisions"}],"up":[{"embeddable":true,"href":"https:\/\/maderas-holztechnik.de\/en\/wp-json\/wp\/v2\/pages\/481"}],"wp:attachment":[{"href":"https:\/\/maderas-holztechnik.de\/en\/wp-json\/wp\/v2\/media?parent=887"}],"wp:term":[{"taxonomy":"funktion","embeddable":true,"href":"https:\/\/maderas-holztechnik.de\/en\/wp-json\/wp\/v2\/funktion?post=887"}],"curies":[{"name":"wp","href":"https:\/\/api.w.org\/{rel}","templated":true}]}}